{"id":10653,"date":"2024-09-26T10:36:40","date_gmt":"2024-09-26T10:36:40","guid":{"rendered":"https:\/\/hotelbernatcalella.com\/familienurlaub\/"},"modified":"2025-08-13T10:36:37","modified_gmt":"2025-08-13T10:36:37","slug":"familienurlaub","status":"publish","type":"page","link":"https:\/\/hotelbernatcalella.com\/de\/familienurlaub\/","title":{"rendered":"Familienurlaub"},"content":{"rendered":"\t\t<div data-elementor-type=\"wp-page\" data-elementor-id=\"10653\" class=\"elementor elementor-10653 elementor-5382\" data-elementor-post-type=\"page\">\n\t\t\t\t\t\t<section class=\"elementor-section elementor-top-section elementor-element elementor-element-45fac64a elementor-section-height-min-height cs-section-content-fullwidth cs-parallax-on-scroll cs_scroll_y_80 elementor-section-boxed elementor-section-height-default elementor-section-items-middle\" data-id=\"45fac64a\" data-element_type=\"section\" data-e-type=\"section\" data-settings=\"{&quot;background_background&quot;:&quot;classic&quot;}\" data-cs-parallax-y=\"80\" style=\"background-image: none;\" data-cs-background-image=\"https:\/\/www.hotelbernatcalella.com\/wp-content\/uploads\/2025\/06\/vacaciones-familia-calella.webp\" data-cs-background-image-alt-text=\"\">\n\t\t\t\t\t\t\t<div class=\"elementor-background-overlay\"><\/div>\n\t\t\t\t\t\t\t<div class=\"elementor-container elementor-column-gap-no\">\n\t\t\t\t\t<div class=\"elementor-column elementor-col-100 elementor-top-column elementor-element elementor-element-7d85fca1 dark-color\" data-id=\"7d85fca1\" data-element_type=\"column\" data-e-type=\"column\">\n\t\t\t<div class=\"elementor-widget-wrap elementor-element-populated\">\n\t\t\t\t\t\t<div class=\"elementor-element elementor-element-3890ab8b elementor-widget elementor-widget-cs_title\" data-id=\"3890ab8b\" data-element_type=\"widget\" data-e-type=\"widget\" data-widget_type=\"cs_title.default\">\n\t\t\t\t<div class=\"elementor-widget-container\">\n\t\t\t\t\t\n        <div class=\"cs-title-wrap text-center\">\t            <h1 class=\"cs-title\">\n\t                Familienurlaub in Calella\t            <\/h1>\t            <div class=\"cs-title-text\">\n\t                <p>Familienurlaub in Calella mit der bestm\u00f6glichen Gesellschaft. Machen Sie mit? <\/p>\t            <\/div>        <\/div>\t\t\t\t<\/div>\n\t\t\t\t<\/div>\n\t\t\t\t\t<\/div>\n\t\t<\/div>\n\t\t\t\t\t<\/div>\n\t\t<\/section>\n\t\t\t\t<section class=\"elementor-section elementor-top-section elementor-element elementor-element-457404d cs-section-content-fullwidth elementor-section-content-middle elementor-section-boxed elementor-section-height-default elementor-section-height-default\" data-id=\"457404d\" data-element_type=\"section\" data-e-type=\"section\" data-settings=\"{&quot;background_background&quot;:&quot;classic&quot;}\">\n\t\t\t\t\t\t<div class=\"elementor-container elementor-column-gap-no\">\n\t\t\t\t\t<div class=\"elementor-column elementor-col-100 elementor-top-column elementor-element elementor-element-cf3811c\" data-id=\"cf3811c\" data-element_type=\"column\" data-e-type=\"column\">\n\t\t\t<div class=\"elementor-widget-wrap elementor-element-populated\">\n\t\t\t\t\t\t<div class=\"elementor-element elementor-element-764b71f elementor-widget elementor-widget-cs_title\" data-id=\"764b71f\" data-element_type=\"widget\" data-e-type=\"widget\" data-widget_type=\"cs_title.default\">\n\t\t\t\t<div class=\"elementor-widget-container\">\n\t\t\t\t\t\n        <div class=\"cs-title-wrap text-center\">\t            <h3 class=\"cs-title\">\n\t                Familienurlaub in Calella\t            <\/h3>\t            <div class=\"cs-title-text\">\n\t                <p>Das Hotel Bernat II wurde mit dem Siegel \u201eFamilienfreundliches Reiseziel\u201c ausgezeichnet.<br>Wenn Sie Ihren Familienurlaub in Calella bei uns verbringen, k\u00f6nnen Sie verschiedene Aktivit\u00e4ten sowohl im Hotel als auch in Calella genie\u00dfen.<\/p>\t            <\/div>        <\/div>\t\t\t\t<\/div>\n\t\t\t\t<\/div>\n\t\t\t\t\t<\/div>\n\t\t<\/div>\n\t\t\t\t\t<\/div>\n\t\t<\/section>\n\t\t\t\t<section class=\"elementor-section elementor-top-section elementor-element elementor-element-ae40afd cs-section-content-fullwidth elementor-section-boxed elementor-section-height-default elementor-section-height-default\" data-id=\"ae40afd\" data-element_type=\"section\" data-e-type=\"section\">\n\t\t\t\t\t\t<div class=\"elementor-container elementor-column-gap-default\">\n\t\t\t\t\t<div class=\"elementor-column elementor-col-33 elementor-top-column elementor-element elementor-element-0ae8a87\" data-id=\"0ae8a87\" data-element_type=\"column\" data-e-type=\"column\">\n\t\t\t<div class=\"elementor-widget-wrap elementor-element-populated\">\n\t\t\t\t\t\t<div class=\"elementor-element elementor-element-7eb3c7b elementor-widget elementor-widget-cs_call_to_action\" data-id=\"7eb3c7b\" data-element_type=\"widget\" data-e-type=\"widget\" data-settings=\"{&quot;overlay_background&quot;:&quot;gradient&quot;}\" data-widget_type=\"cs_call_to_action.default\">\n\t\t\t\t<div class=\"elementor-widget-container\">\n\t\t\t\t\t\n\t\t<div class=\"cs-cta cta-layout-text-overlap content-middle dark-color text-center cta-hover-img-zoom\">\n            <div class=\"cs-cta-wrap\">\t\t               \t<div class=\"cs-cta-img\">\n\t\t                    <img fetchpriority=\"high\" decoding=\"async\" width=\"651\" height=\"976\" src=\"https:\/\/hotelbernatcalella.com\/wp-content\/uploads\/2025\/06\/miniclub-hotel-calella.webp\" class=\"attachment-full size-full wp-image-14960\" alt=\"miniclub hotel calella\" srcset=\"https:\/\/hotelbernatcalella.com\/wp-content\/uploads\/2025\/06\/miniclub-hotel-calella.webp 651w, https:\/\/hotelbernatcalella.com\/wp-content\/uploads\/2025\/06\/miniclub-hotel-calella-200x300.webp 200w, https:\/\/hotelbernatcalella.com\/wp-content\/uploads\/2025\/06\/miniclub-hotel-calella-600x900.webp 600w, https:\/\/hotelbernatcalella.com\/wp-content\/uploads\/2025\/06\/miniclub-hotel-calella-550x825.webp 550w, https:\/\/hotelbernatcalella.com\/wp-content\/uploads\/2025\/06\/miniclub-hotel-calella-370x555.webp 370w, https:\/\/hotelbernatcalella.com\/wp-content\/uploads\/2025\/06\/miniclub-hotel-calella-255x382.webp 255w\" sizes=\"(max-width: 651px) 100vw, 651px\" \/>\t\t                <\/div>                <div class=\"cs-cta-overlay\"><\/div>\n                <div class=\"cs-cta-content\">\t\t            <h6 class=\"cs-cta-title cs-title\">\n\t\t                Aktivit\u00e4ten f\u00fcr Kinder\t\t            <\/h6>\t\t            <div class=\"cs-cta-text\">\n\t\t                <p style=\"text-align: center;\">Das Hotel bietet einen Miniclub und Kinderanimation in den Sommermonaten sowie eine breite Palette an Familienaktivit\u00e4ten in Calella, insbesondere im Sommer, von denen viele kostenlos sind und sich hervorragend eignen, um die Umgebung zu erkunden.<\/p>\t\t            <\/div>\t\t\t<\/div>                <a class=\"cs-cta-link\" href=\"https:\/\/hotelbernatcalella.com\/de\/dienstleistungen\/\" target=\"_blank\" aria-label=\"Call to Action Link\"><\/a>            <\/div>\n        <\/div>\t\t\t\t<\/div>\n\t\t\t\t<\/div>\n\t\t\t\t\t<\/div>\n\t\t<\/div>\n\t\t\t\t<div class=\"elementor-column elementor-col-33 elementor-top-column elementor-element elementor-element-5f42365\" data-id=\"5f42365\" data-element_type=\"column\" data-e-type=\"column\">\n\t\t\t<div class=\"elementor-widget-wrap elementor-element-populated\">\n\t\t\t\t\t\t<div class=\"elementor-element elementor-element-97bc956 elementor-widget elementor-widget-cs_call_to_action\" data-id=\"97bc956\" data-element_type=\"widget\" data-e-type=\"widget\" data-settings=\"{&quot;overlay_background&quot;:&quot;gradient&quot;}\" data-widget_type=\"cs_call_to_action.default\">\n\t\t\t\t<div class=\"elementor-widget-container\">\n\t\t\t\t\t\n\t\t<div class=\"cs-cta cta-layout-text-overlap content-middle dark-color text-center cta-hover-img-zoom\">\n            <div class=\"cs-cta-wrap\">\t\t               \t<div class=\"cs-cta-img\">\n\t\t                    <img decoding=\"async\" width=\"651\" height=\"976\" src=\"https:\/\/hotelbernatcalella.com\/wp-content\/uploads\/2025\/06\/hotel-piscina-calella-barcelona-1.webp\" class=\"attachment-full size-full wp-image-14967\" alt=\"hotel piscina calella barcelona\" srcset=\"https:\/\/hotelbernatcalella.com\/wp-content\/uploads\/2025\/06\/hotel-piscina-calella-barcelona-1.webp 651w, https:\/\/hotelbernatcalella.com\/wp-content\/uploads\/2025\/06\/hotel-piscina-calella-barcelona-1-200x300.webp 200w, https:\/\/hotelbernatcalella.com\/wp-content\/uploads\/2025\/06\/hotel-piscina-calella-barcelona-1-600x900.webp 600w, https:\/\/hotelbernatcalella.com\/wp-content\/uploads\/2025\/06\/hotel-piscina-calella-barcelona-1-550x825.webp 550w, https:\/\/hotelbernatcalella.com\/wp-content\/uploads\/2025\/06\/hotel-piscina-calella-barcelona-1-370x555.webp 370w, https:\/\/hotelbernatcalella.com\/wp-content\/uploads\/2025\/06\/hotel-piscina-calella-barcelona-1-255x382.webp 255w\" sizes=\"(max-width: 651px) 100vw, 651px\" \/>\t\t                <\/div>                <div class=\"cs-cta-overlay\"><\/div>\n                <div class=\"cs-cta-content\">\t\t            <h6 class=\"cs-cta-title cs-title\">\n\t\t                Pool und Strand f\u00fcr die ganze Familie\t\t            <\/h6>\t\t            <div class=\"cs-cta-text\">\n\t\t                <p style=\"text-align: center;\">Genie\u00dfen Sie den Hotelpool, ideal zum Entspannen und Spa\u00dfhaben mit den Kleinen, oder den Strand, nur wenige Schritte entfernt, perfekt f\u00fcr Badespa\u00df und Spiele im Mittelmeer.<\/p>\t\t            <\/div>\t\t\t<\/div>                <a class=\"cs-cta-link\" href=\"https:\/\/hotelbernatcalella.com\/de\/dienstleistungen\/\" target=\"_blank\" aria-label=\"Call to Action Link\"><\/a>            <\/div>\n        <\/div>\t\t\t\t<\/div>\n\t\t\t\t<\/div>\n\t\t\t\t\t<\/div>\n\t\t<\/div>\n\t\t\t\t<div class=\"elementor-column elementor-col-33 elementor-top-column elementor-element elementor-element-c9e2da0\" data-id=\"c9e2da0\" data-element_type=\"column\" data-e-type=\"column\">\n\t\t\t<div class=\"elementor-widget-wrap elementor-element-populated\">\n\t\t\t\t\t\t<div class=\"elementor-element elementor-element-3b128ec elementor-widget elementor-widget-cs_call_to_action\" data-id=\"3b128ec\" data-element_type=\"widget\" data-e-type=\"widget\" data-settings=\"{&quot;overlay_background&quot;:&quot;gradient&quot;}\" data-widget_type=\"cs_call_to_action.default\">\n\t\t\t\t<div class=\"elementor-widget-container\">\n\t\t\t\t\t\n\t\t<div class=\"cs-cta cta-layout-text-overlap content-middle dark-color text-center cta-hover-img-zoom\">\n            <div class=\"cs-cta-wrap\">\t\t               \t<div class=\"cs-cta-img\">\n\t\t                    <img decoding=\"async\" width=\"651\" height=\"976\" src=\"https:\/\/hotelbernatcalella.com\/wp-content\/uploads\/2025\/06\/actividades-verano-calella-mar.webp\" class=\"attachment-full size-full wp-image-14974\" alt=\"actividades verano calella mar\" srcset=\"https:\/\/hotelbernatcalella.com\/wp-content\/uploads\/2025\/06\/actividades-verano-calella-mar.webp 651w, https:\/\/hotelbernatcalella.com\/wp-content\/uploads\/2025\/06\/actividades-verano-calella-mar-200x300.webp 200w, https:\/\/hotelbernatcalella.com\/wp-content\/uploads\/2025\/06\/actividades-verano-calella-mar-600x900.webp 600w, https:\/\/hotelbernatcalella.com\/wp-content\/uploads\/2025\/06\/actividades-verano-calella-mar-550x825.webp 550w, https:\/\/hotelbernatcalella.com\/wp-content\/uploads\/2025\/06\/actividades-verano-calella-mar-370x555.webp 370w, https:\/\/hotelbernatcalella.com\/wp-content\/uploads\/2025\/06\/actividades-verano-calella-mar-255x382.webp 255w\" sizes=\"(max-width: 651px) 100vw, 651px\" \/>\t\t                <\/div>                <div class=\"cs-cta-overlay\"><\/div>\n                <div class=\"cs-cta-content\">\t\t            <h6 class=\"cs-cta-title cs-title\">\n\t\t                Wasserparks\t\t            <\/h6>\t\t            <div class=\"cs-cta-text\">\n\t\t                <p style=\"text-align: center;\">Vom Water Games Fun Park, der f\u00fcr die Kleinsten gedacht ist, bis hin zu den aufregenden Attraktionen im Water World bieten die nahegelegenen Wasserparks garantierten Spa\u00df f\u00fcr die ganze Familie.<\/p>\t\t            <\/div>\t\t\t<\/div>                <a class=\"cs-cta-link\" href=\"https:\/\/hotelbernatcalella.com\/de\/dienstleistungen\/\" target=\"_blank\" aria-label=\"Call to Action Link\"><\/a>            <\/div>\n        <\/div>\t\t\t\t<\/div>\n\t\t\t\t<\/div>\n\t\t\t\t\t<\/div>\n\t\t<\/div>\n\t\t\t\t\t<\/div>\n\t\t<\/section>\n\t\t<div class=\"elementor-element elementor-element-5b8eeb6 e-con-full e-flex e-con e-parent\" data-id=\"5b8eeb6\" data-element_type=\"container\" data-e-type=\"container\">\n\t\t\t\t<div class=\"elementor-element elementor-element-b767cdd elementor-hidden-mobile elementor-widget elementor-widget-spacer\" data-id=\"b767cdd\" data-element_type=\"widget\" data-e-type=\"widget\" data-widget_type=\"spacer.default\">\n\t\t\t\t\t\t\t<div class=\"elementor-spacer\">\n\t\t\t<div class=\"elementor-spacer-inner\"><\/div>\n\t\t<\/div>\n\t\t\t\t\t\t<\/div>\n\t\t\t\t<div class=\"elementor-element elementor-element-185fa2e elementor-widget elementor-widget-text-editor\" data-id=\"185fa2e\" data-element_type=\"widget\" data-e-type=\"widget\" data-widget_type=\"text-editor.default\">\n\t\t\t\t\t\t\t\t\t<p style=\"text-align: center;\">Das Hotel Bernat II ist das perfekte Ziel f\u00fcr einen Familienurlaub an der katalanischen K\u00fcste.<\/p>\t\t\t\t\t\t\t\t<\/div>\n\t\t\t\t<\/div>\n\t\t<div class=\"elementor-element elementor-element-6fe9f48 e-con-full elementor-hidden-mobile e-flex e-con e-parent\" data-id=\"6fe9f48\" data-element_type=\"container\" data-e-type=\"container\">\n\t\t<div class=\"elementor-element elementor-element-da81cae e-grid e-con-full e-con e-child\" data-id=\"da81cae\" data-element_type=\"container\" data-e-type=\"container\">\n\t\t\t\t<div class=\"elementor-element elementor-element-e16eb0a elementor-view-default elementor-position-block-start elementor-mobile-position-block-start elementor-widget elementor-widget-icon-box\" data-id=\"e16eb0a\" data-element_type=\"widget\" data-e-type=\"widget\" data-widget_type=\"icon-box.default\">\n\t\t\t\t\t\t\t<div class=\"elementor-icon-box-wrapper\">\n\n\t\t\t\t\t\t<div class=\"elementor-icon-box-icon\">\n\t\t\t\t<span  class=\"elementor-icon\">\n\t\t\t\t<i aria-hidden=\"true\" class=\"flaticon flaticon-bed-3\"><\/i>\t\t\t\t<\/span>\n\t\t\t<\/div>\n\t\t\t\n\t\t\t\t\t\t<div class=\"elementor-icon-box-content\">\n\n\t\t\t\t\n\t\t\t\t\t\t\t\t\t<p class=\"elementor-icon-box-description\">\n\t\t\t\t\t\tZimmer f\u00fcr 3 und 4 Personen, ideal f\u00fcr Familien\t\t\t\t\t<\/p>\n\t\t\t\t\n\t\t\t<\/div>\n\t\t\t\n\t\t<\/div>\n\t\t\t\t\t\t<\/div>\n\t\t\t\t<div class=\"elementor-element elementor-element-c6fe95f elementor-view-default elementor-position-block-start elementor-mobile-position-block-start elementor-widget elementor-widget-icon-box\" data-id=\"c6fe95f\" data-element_type=\"widget\" data-e-type=\"widget\" data-widget_type=\"icon-box.default\">\n\t\t\t\t\t\t\t<div class=\"elementor-icon-box-wrapper\">\n\n\t\t\t\t\t\t<div class=\"elementor-icon-box-icon\">\n\t\t\t\t<span  class=\"elementor-icon\">\n\t\t\t\t<i aria-hidden=\"true\" class=\"flaticon flaticon-baby-crib\"><\/i>\t\t\t\t<\/span>\n\t\t\t<\/div>\n\t\t\t\n\t\t\t\t\t\t<div class=\"elementor-icon-box-content\">\n\n\t\t\t\t\n\t\t\t\t\t\t\t\t\t<p class=\"elementor-icon-box-description\">\n\t\t\t\t\t\tBabybett auf Anfrage f\u00fcr G\u00e4ste\t\t\t\t\t<\/p>\n\t\t\t\t\n\t\t\t<\/div>\n\t\t\t\n\t\t<\/div>\n\t\t\t\t\t\t<\/div>\n\t\t\t\t<div class=\"elementor-element elementor-element-47c568c elementor-view-default elementor-position-block-start elementor-mobile-position-block-start elementor-widget elementor-widget-icon-box\" data-id=\"47c568c\" data-element_type=\"widget\" data-e-type=\"widget\" data-widget_type=\"icon-box.default\">\n\t\t\t\t\t\t\t<div class=\"elementor-icon-box-wrapper\">\n\n\t\t\t\t\t\t<div class=\"elementor-icon-box-icon\">\n\t\t\t\t<span  class=\"elementor-icon\">\n\t\t\t\t<i aria-hidden=\"true\" class=\"flaticon flaticon-spa\"><\/i>\t\t\t\t<\/span>\n\t\t\t<\/div>\n\t\t\t\n\t\t\t\t\t\t<div class=\"elementor-icon-box-content\">\n\n\t\t\t\t\n\t\t\t\t\t\t\t\t\t<p class=\"elementor-icon-box-description\">\n\t\t\t\t\t\tExklusive Spa-Zeiten f\u00fcr Familien\t\t\t\t\t<\/p>\n\t\t\t\t\n\t\t\t<\/div>\n\t\t\t\n\t\t<\/div>\n\t\t\t\t\t\t<\/div>\n\t\t\t\t<div class=\"elementor-element elementor-element-6e01ef0 elementor-view-default elementor-position-block-start elementor-mobile-position-block-start elementor-widget elementor-widget-icon-box\" data-id=\"6e01ef0\" data-element_type=\"widget\" data-e-type=\"widget\" data-widget_type=\"icon-box.default\">\n\t\t\t\t\t\t\t<div class=\"elementor-icon-box-wrapper\">\n\n\t\t\t\t\t\t<div class=\"elementor-icon-box-icon\">\n\t\t\t\t<span  class=\"elementor-icon\">\n\t\t\t\t<i aria-hidden=\"true\" class=\"flaticon flaticon-pool\"><\/i>\t\t\t\t<\/span>\n\t\t\t<\/div>\n\t\t\t\n\t\t\t\t\t\t<div class=\"elementor-icon-box-content\">\n\n\t\t\t\t\n\t\t\t\t\t\t\t\t\t<p class=\"elementor-icon-box-description\">\n\t\t\t\t\t\tAu\u00dfenpool f\u00fcr Erwachsene und Kinder, ge\u00f6ffnet von 10 bis 19 Uhr\t\t\t\t\t<\/p>\n\t\t\t\t\n\t\t\t<\/div>\n\t\t\t\n\t\t<\/div>\n\t\t\t\t\t\t<\/div>\n\t\t\t\t<div class=\"elementor-element elementor-element-00ad67b elementor-view-default elementor-position-block-start elementor-mobile-position-block-start elementor-widget elementor-widget-icon-box\" data-id=\"00ad67b\" data-element_type=\"widget\" data-e-type=\"widget\" data-widget_type=\"icon-box.default\">\n\t\t\t\t\t\t\t<div class=\"elementor-icon-box-wrapper\">\n\n\t\t\t\t\t\t<div class=\"elementor-icon-box-icon\">\n\t\t\t\t<span  class=\"elementor-icon\">\n\t\t\t\t<i aria-hidden=\"true\" class=\"flaticon flaticon-win\"><\/i>\t\t\t\t<\/span>\n\t\t\t<\/div>\n\t\t\t\n\t\t\t\t\t\t<div class=\"elementor-icon-box-content\">\n\n\t\t\t\t\n\t\t\t\t\t\t\t\t\t<p class=\"elementor-icon-box-description\">\n\t\t\t\t\t\tAktivit\u00e4ten und Animation f\u00fcr die ganze Familie\t\t\t\t\t<\/p>\n\t\t\t\t\n\t\t\t<\/div>\n\t\t\t\n\t\t<\/div>\n\t\t\t\t\t\t<\/div>\n\t\t\t\t<\/div>\n\t\t\t\t<\/div>\n\t\t<div class=\"elementor-element elementor-element-de4f522 e-con-full elementor-hidden-desktop elementor-hidden-tablet e-flex e-con e-parent\" data-id=\"de4f522\" data-element_type=\"container\" data-e-type=\"container\">\n\t\t<div class=\"elementor-element elementor-element-06bd5f5 e-grid e-con-full e-con e-child\" data-id=\"06bd5f5\" data-element_type=\"container\" data-e-type=\"container\">\n\t\t\t\t<div class=\"elementor-element elementor-element-3307b3d elementor-view-default elementor-position-block-start elementor-mobile-position-block-start elementor-widget elementor-widget-icon-box\" data-id=\"3307b3d\" data-element_type=\"widget\" data-e-type=\"widget\" data-widget_type=\"icon-box.default\">\n\t\t\t\t\t\t\t<div class=\"elementor-icon-box-wrapper\">\n\n\t\t\t\t\t\t<div class=\"elementor-icon-box-icon\">\n\t\t\t\t<span  class=\"elementor-icon\">\n\t\t\t\t<i aria-hidden=\"true\" class=\"flaticon flaticon-bed-3\"><\/i>\t\t\t\t<\/span>\n\t\t\t<\/div>\n\t\t\t\n\t\t\t\t\t\t<div class=\"elementor-icon-box-content\">\n\n\t\t\t\t\n\t\t\t\t\t\t\t\t\t<p class=\"elementor-icon-box-description\">\n\t\t\t\t\t\tZimmer f\u00fcr 3 und 4 Personen, ideal f\u00fcr Familien\t\t\t\t\t<\/p>\n\t\t\t\t\n\t\t\t<\/div>\n\t\t\t\n\t\t<\/div>\n\t\t\t\t\t\t<\/div>\n\t\t\t\t<div class=\"elementor-element elementor-element-db62cbd elementor-view-default elementor-position-block-start elementor-mobile-position-block-start elementor-widget elementor-widget-icon-box\" data-id=\"db62cbd\" data-element_type=\"widget\" data-e-type=\"widget\" data-widget_type=\"icon-box.default\">\n\t\t\t\t\t\t\t<div class=\"elementor-icon-box-wrapper\">\n\n\t\t\t\t\t\t<div class=\"elementor-icon-box-icon\">\n\t\t\t\t<span  class=\"elementor-icon\">\n\t\t\t\t<i aria-hidden=\"true\" class=\"flaticon flaticon-baby-crib\"><\/i>\t\t\t\t<\/span>\n\t\t\t<\/div>\n\t\t\t\n\t\t\t\t\t\t<div class=\"elementor-icon-box-content\">\n\n\t\t\t\t\n\t\t\t\t\t\t\t\t\t<p class=\"elementor-icon-box-description\">\n\t\t\t\t\t\tBabybett auf Anfrage f\u00fcr G\u00e4ste\t\t\t\t\t<\/p>\n\t\t\t\t\n\t\t\t<\/div>\n\t\t\t\n\t\t<\/div>\n\t\t\t\t\t\t<\/div>\n\t\t\t\t<div class=\"elementor-element elementor-element-38b239a elementor-view-default elementor-position-block-start elementor-mobile-position-block-start elementor-widget elementor-widget-icon-box\" data-id=\"38b239a\" data-element_type=\"widget\" data-e-type=\"widget\" data-widget_type=\"icon-box.default\">\n\t\t\t\t\t\t\t<div class=\"elementor-icon-box-wrapper\">\n\n\t\t\t\t\t\t<div class=\"elementor-icon-box-icon\">\n\t\t\t\t<span  class=\"elementor-icon\">\n\t\t\t\t<i aria-hidden=\"true\" class=\"flaticon flaticon-spa\"><\/i>\t\t\t\t<\/span>\n\t\t\t<\/div>\n\t\t\t\n\t\t\t\t\t\t<div class=\"elementor-icon-box-content\">\n\n\t\t\t\t\n\t\t\t\t\t\t\t\t\t<p class=\"elementor-icon-box-description\">\n\t\t\t\t\t\tExklusive Spa-Zeiten f\u00fcr Familien\t\t\t\t\t<\/p>\n\t\t\t\t\n\t\t\t<\/div>\n\t\t\t\n\t\t<\/div>\n\t\t\t\t\t\t<\/div>\n\t\t\t\t<div class=\"elementor-element elementor-element-ee9b2a1 elementor-view-default elementor-position-block-start elementor-mobile-position-block-start elementor-widget elementor-widget-icon-box\" data-id=\"ee9b2a1\" data-element_type=\"widget\" data-e-type=\"widget\" data-widget_type=\"icon-box.default\">\n\t\t\t\t\t\t\t<div class=\"elementor-icon-box-wrapper\">\n\n\t\t\t\t\t\t<div class=\"elementor-icon-box-icon\">\n\t\t\t\t<span  class=\"elementor-icon\">\n\t\t\t\t<i aria-hidden=\"true\" class=\"flaticon flaticon-pool\"><\/i>\t\t\t\t<\/span>\n\t\t\t<\/div>\n\t\t\t\n\t\t\t\t\t\t<div class=\"elementor-icon-box-content\">\n\n\t\t\t\t\n\t\t\t\t\t\t\t\t\t<p class=\"elementor-icon-box-description\">\n\t\t\t\t\t\tAu\u00dfenpool f\u00fcr Erwachsene und Kinder, ge\u00f6ffnet von 10 bis 19 Uhr\t\t\t\t\t<\/p>\n\t\t\t\t\n\t\t\t<\/div>\n\t\t\t\n\t\t<\/div>\n\t\t\t\t\t\t<\/div>\n\t\t\t\t<div class=\"elementor-element elementor-element-ae4164f elementor-view-default elementor-position-block-start elementor-mobile-position-block-start elementor-widget elementor-widget-icon-box\" data-id=\"ae4164f\" data-element_type=\"widget\" data-e-type=\"widget\" data-widget_type=\"icon-box.default\">\n\t\t\t\t\t\t\t<div class=\"elementor-icon-box-wrapper\">\n\n\t\t\t\t\t\t<div class=\"elementor-icon-box-icon\">\n\t\t\t\t<span  class=\"elementor-icon\">\n\t\t\t\t<i aria-hidden=\"true\" class=\"flaticon flaticon-win\"><\/i>\t\t\t\t<\/span>\n\t\t\t<\/div>\n\t\t\t\n\t\t\t\t\t\t<div class=\"elementor-icon-box-content\">\n\n\t\t\t\t\n\t\t\t\t\t\t\t\t\t<p class=\"elementor-icon-box-description\">\n\t\t\t\t\t\tAktivit\u00e4ten und Animation f\u00fcr die ganze Familie\t\t\t\t\t<\/p>\n\t\t\t\t\n\t\t\t<\/div>\n\t\t\t\n\t\t<\/div>\n\t\t\t\t\t\t<\/div>\n\t\t\t\t<\/div>\n\t\t\t\t<\/div>\n\t\t<div class=\"elementor-element elementor-element-5cd94a0 e-flex e-con-boxed e-con e-parent\" data-id=\"5cd94a0\" data-element_type=\"container\" data-e-type=\"container\">\n\t\t\t\t\t<div class=\"e-con-inner\">\n\t\t\t\t<div class=\"elementor-element elementor-element-07b7ad5 elementor-widget elementor-widget-spacer\" data-id=\"07b7ad5\" data-element_type=\"widget\" data-e-type=\"widget\" data-widget_type=\"spacer.default\">\n\t\t\t\t\t\t\t<div class=\"elementor-spacer\">\n\t\t\t<div class=\"elementor-spacer-inner\"><\/div>\n\t\t<\/div>\n\t\t\t\t\t\t<\/div>\n\t\t\t\t\t<\/div>\n\t\t\t\t<\/div>\n\t\t\t\t<section class=\"elementor-section elementor-top-section elementor-element elementor-element-ac9ee76 elementor-section-content-bottom cs-section-content-fullwidth elementor-hidden-mobile elementor-hidden-tablet elementor-section-boxed elementor-section-height-default elementor-section-height-default\" data-id=\"ac9ee76\" data-element_type=\"section\" data-e-type=\"section\" data-settings=\"{&quot;shape_divider_bottom&quot;:&quot;waves&quot;,&quot;shape_divider_bottom_negative&quot;:&quot;yes&quot;}\">\n\t\t\t\t\t<div class=\"elementor-shape elementor-shape-bottom\" aria-hidden=\"true\" data-negative=\"true\">\n\t\t\t<svg xmlns=\"http:\/\/www.w3.org\/2000\/svg\" viewBox=\"0 0 1000 100\" preserveAspectRatio=\"none\">\n\t<path class=\"elementor-shape-fill\" d=\"M790.5,93.1c-59.3-5.3-116.8-18-192.6-50c-29.6-12.7-76.9-31-100.5-35.9c-23.6-4.9-52.6-7.8-75.5-5.3\n\tc-10.2,1.1-22.6,1.4-50.1,7.4c-27.2,6.3-58.2,16.6-79.4,24.7c-41.3,15.9-94.9,21.9-134,22.6C72,58.2,0,25.8,0,25.8V100h1000V65.3\n\tc0,0-51.5,19.4-106.2,25.7C839.5,97,814.1,95.2,790.5,93.1z\"\/>\n<\/svg>\t\t<\/div>\n\t\t\t\t\t<div class=\"elementor-container elementor-column-gap-no\">\n\t\t\t\t\t<div class=\"elementor-column elementor-col-100 elementor-top-column elementor-element elementor-element-b18b6ca\" data-id=\"b18b6ca\" data-element_type=\"column\" data-e-type=\"column\">\n\t\t\t<div class=\"elementor-widget-wrap elementor-element-populated\">\n\t\t\t\t\t\t<div class=\"elementor-element elementor-element-3d49fa4 elementor-widget elementor-widget-cs_title\" data-id=\"3d49fa4\" data-element_type=\"widget\" data-e-type=\"widget\" data-widget_type=\"cs_title.default\">\n\t\t\t\t<div class=\"elementor-widget-container\">\n\t\t\t\t\t\n        <div class=\"cs-title-wrap text-right text-center-mobile\">\t            <h3 class=\"cs-title color-white\">\n\t                Unsere Zimmer\t            <\/h3>\t            <div class=\"cs-title-text color-white\">\n\t                <p>Entdecke die Familienzimmer und genie\u00dfe deinen Familienurlaub mit uns.<\/p>\t            <\/div>        <\/div>\t\t\t\t<\/div>\n\t\t\t\t<\/div>\n\t\t\t\t\t<\/div>\n\t\t<\/div>\n\t\t\t\t\t<\/div>\n\t\t<\/section>\n\t\t\t\t<section class=\"elementor-section elementor-top-section elementor-element elementor-element-e30d476 elementor-section-content-bottom cs-section-content-fullwidth elementor-hidden-desktop elementor-section-boxed elementor-section-height-default elementor-section-height-default\" data-id=\"e30d476\" data-element_type=\"section\" data-e-type=\"section\">\n\t\t\t\t\t\t\t<div class=\"elementor-background-overlay\"><\/div>\n\t\t\t\t\t\t\t<div class=\"elementor-container elementor-column-gap-no\">\n\t\t\t\t\t<div class=\"elementor-column elementor-col-100 elementor-top-column elementor-element elementor-element-35c2d17\" data-id=\"35c2d17\" data-element_type=\"column\" data-e-type=\"column\">\n\t\t\t<div class=\"elementor-widget-wrap elementor-element-populated\">\n\t\t\t\t\t\t<div class=\"elementor-element elementor-element-16e6bd8 elementor-widget elementor-widget-cs_title\" data-id=\"16e6bd8\" data-element_type=\"widget\" data-e-type=\"widget\" data-widget_type=\"cs_title.default\">\n\t\t\t\t<div class=\"elementor-widget-container\">\n\t\t\t\t\t\n        <div class=\"cs-title-wrap text-right text-center-mobile\">\t            <h3 class=\"cs-title color-white\">\n\t                Unsere Zimmer\t            <\/h3>\t            <div class=\"cs-title-text color-white\">\n\t                <p>Entdecke die Familienzimmer und genie\u00dfe deinen Familienurlaub mit uns.<\/p>\t            <\/div>        <\/div>\t\t\t\t<\/div>\n\t\t\t\t<\/div>\n\t\t\t\t\t<\/div>\n\t\t<\/div>\n\t\t\t\t\t<\/div>\n\t\t<\/section>\n\t\t\t\t<section class=\"elementor-section elementor-top-section elementor-element elementor-element-a3bc4ff cs-section-content-fullwidth elementor-section-boxed elementor-section-height-default elementor-section-height-default\" data-id=\"a3bc4ff\" data-element_type=\"section\" data-e-type=\"section\" data-settings=\"{&quot;background_background&quot;:&quot;classic&quot;}\">\n\t\t\t\t\t\t\t<div class=\"elementor-background-overlay\"><\/div>\n\t\t\t\t\t\t\t<div class=\"elementor-container elementor-column-gap-no\">\n\t\t\t\t\t<div class=\"elementor-column elementor-col-100 elementor-top-column elementor-element elementor-element-eda1380\" data-id=\"eda1380\" data-element_type=\"column\" data-e-type=\"column\">\n\t\t\t<div class=\"elementor-widget-wrap elementor-element-populated\">\n\t\t\t\t\t\t<div class=\"elementor-element elementor-element-4aac580 elementor-widget elementor-widget-cs_rooms\" data-id=\"4aac580\" data-element_type=\"widget\" data-e-type=\"widget\" data-widget_type=\"cs_rooms.default\">\n\t\t\t\t<div class=\"elementor-widget-container\">\n\t\t\t\t\t                    <div class=\"posts cs-rooms layout-overlay column-2 layout-grid img-ratio-3-2 with-hover-effect\">\n                        <div class=\"posts-wrapper cs-rooms-wrapper\">\n\t<div class=\"post cs-room-item\">\n\t    <div class=\"post-content cs-room-content\">\n\t        <header class=\"post-header item-header\">\t            <h2 class=\"post-title item-title\">\n\t                <a href=\"https:\/\/hotelbernatcalella.com\/de\/room\/familienzimmer\/\">Familienzimmer<\/a>\n\t            <\/h2>\t        <\/header>\t\t        <div class=\"hover-show-content\">\t\t\t            <div class=\"post-excerpt item-excerpt\"><p>Zimmer mit zwei separaten Bereichen, komplettes Badezimmer mit Jacuzzi-Badewanne, kostenloses WLAN, zwei Terrassenbalkone, Minibar, Klimaanlage und Heizung.<\/p>\n<\/div>\t\t\t            <footer class=\"post-footer item-footer\">\n\t\t\t                <div class=\"more-btn\">\n\t\t\t                    <a class=\"read-more-btn button cs-btn-underline\" href=\"https:\/\/hotelbernatcalella.com\/de\/room\/familienzimmer\/\">\n\t\t\t                        <span>Mehr sehen<\/span>\n\t\t\t                    <\/a>\n\t\t\t                <\/div>\n\t\t\t            <\/footer>\t        \t<\/div>\t    <\/div>\n\t<\/div>\n\n\t<div class=\"post cs-room-item has-post-thumbnail\">\t\t    <div class=\"featured-img\">\n\t\t        <a href=\"https:\/\/hotelbernatcalella.com\/de\/room\/premium-zimmer\/\" aria-label=\"Room Featured Image\"><img loading=\"lazy\" decoding=\"async\" width=\"780\" height=\"585\" src=\"https:\/\/hotelbernatcalella.com\/wp-content\/uploads\/2024\/07\/HAB-PREMIUM-780x585.png\" class=\"attachment-cozystay_780x9999 size-cozystay_780x9999\" alt=\"Habitaci\u00f3 premium amb llit doble i il\u00b7luminaci\u00f3 c\u00e0lida a l&#039;Hotel Bernat II de Calella\" srcset=\"https:\/\/hotelbernatcalella.com\/wp-content\/uploads\/2024\/07\/HAB-PREMIUM-780x585.png 780w, https:\/\/hotelbernatcalella.com\/wp-content\/uploads\/2024\/07\/HAB-PREMIUM-300x225.png 300w, https:\/\/hotelbernatcalella.com\/wp-content\/uploads\/2024\/07\/HAB-PREMIUM-1024x768.png 1024w, https:\/\/hotelbernatcalella.com\/wp-content\/uploads\/2024\/07\/HAB-PREMIUM-768x576.png 768w, https:\/\/hotelbernatcalella.com\/wp-content\/uploads\/2024\/07\/HAB-PREMIUM-1536x1152.png 1536w, https:\/\/hotelbernatcalella.com\/wp-content\/uploads\/2024\/07\/HAB-PREMIUM-2048x1536.png 2048w, https:\/\/hotelbernatcalella.com\/wp-content\/uploads\/2024\/07\/HAB-PREMIUM-1920x1440.png 1920w, https:\/\/hotelbernatcalella.com\/wp-content\/uploads\/2024\/07\/HAB-PREMIUM-1440x1080.png 1440w, https:\/\/hotelbernatcalella.com\/wp-content\/uploads\/2024\/07\/HAB-PREMIUM-1200x900.png 1200w, https:\/\/hotelbernatcalella.com\/wp-content\/uploads\/2024\/07\/HAB-PREMIUM-600x450.png 600w, https:\/\/hotelbernatcalella.com\/wp-content\/uploads\/2024\/07\/HAB-PREMIUM-550x413.png 550w, https:\/\/hotelbernatcalella.com\/wp-content\/uploads\/2024\/07\/HAB-PREMIUM-370x278.png 370w, https:\/\/hotelbernatcalella.com\/wp-content\/uploads\/2024\/07\/HAB-PREMIUM-255x191.png 255w\" sizes=\"(max-width: 780px) 100vw, 780px\" \/>\t\t        <\/a>\t\t    <\/div>\n\t    <div class=\"post-content cs-room-content\">\n\t        <header class=\"post-header item-header\">\t            <h2 class=\"post-title item-title\">\n\t                <a href=\"https:\/\/hotelbernatcalella.com\/de\/room\/premium-zimmer\/\">Premium Zimmer<\/a>\n\t            <\/h2>\t        <\/header>\t\t        <div class=\"hover-show-content\">\t\t\t            <div class=\"post-excerpt item-excerpt\"><p>Zimmer mit zwei separaten Bereichen, komplettes Badezimmer mit Jacuzzi-Badewanne, kostenloses WLAN, zwei Terrassenbalkone, Minibar, Klimaanlage und Heizung.<\/p>\n<\/div>\t\t\t            <footer class=\"post-footer item-footer\">\n\t\t\t                <div class=\"more-btn\">\n\t\t\t                    <a class=\"read-more-btn button cs-btn-underline\" href=\"https:\/\/hotelbernatcalella.com\/de\/room\/premium-zimmer\/\">\n\t\t\t                        <span>Mehr sehen<\/span>\n\t\t\t                    <\/a>\n\t\t\t                <\/div>\n\t\t\t            <\/footer>\t        \t<\/div>\t    <\/div>\n\t<\/div>\n                        <\/div>                    <\/div>\t\t\t\t<\/div>\n\t\t\t\t<\/div>\n\t\t\t\t<div class=\"elementor-element elementor-element-cc7b72d elementor-align-right elementor-mobile-align-center elementor-widget elementor-widget-cs_button\" data-id=\"cc7b72d\" data-element_type=\"widget\" data-e-type=\"widget\" data-widget_type=\"cs_button.default\">\n\t\t\t\t<div class=\"elementor-widget-container\">\n\t\t\t\t\t        <a href=\"https:\/\/hotelbernatcalella.com\/de\/zimmer\/\" class=\"elementor-button-link button cs-btn-outline cs-btn-square cs-btn-color-white\" role=\"button\">\n            <span class=\"cs-btn-text\">Sehen Sie sich alle unsere Zimmer an<\/span>        <\/a>\t\t\t\t<\/div>\n\t\t\t\t<\/div>\n\t\t\t\t\t<\/div>\n\t\t<\/div>\n\t\t\t\t\t<\/div>\n\t\t<\/section>\n\t\t<div class=\"elementor-element elementor-element-d2b79e4 e-con-full e-flex e-con e-parent\" data-id=\"d2b79e4\" data-element_type=\"container\" data-e-type=\"container\">\n\t\t\t\t<div class=\"elementor-element elementor-element-7511bbb elementor-widget elementor-widget-spacer\" data-id=\"7511bbb\" data-element_type=\"widget\" data-e-type=\"widget\" data-widget_type=\"spacer.default\">\n\t\t\t\t\t\t\t<div class=\"elementor-spacer\">\n\t\t\t<div class=\"elementor-spacer-inner\"><\/div>\n\t\t<\/div>\n\t\t\t\t\t\t<\/div>\n\t\t\t\t<div class=\"elementor-element elementor-element-5752eb5 elementor-widget elementor-widget-cs_title\" data-id=\"5752eb5\" data-element_type=\"widget\" data-e-type=\"widget\" data-widget_type=\"cs_title.default\">\n\t\t\t\t<div class=\"elementor-widget-container\">\n\t\t\t\t\t\n        <div class=\"cs-title-wrap text-center\">\t            <h4 class=\"cs-title\">\n\t                Calella mit der Familie\t            <\/h4>\t            <div class=\"cs-title-text\">\n\t                <p>M\u00f6chtest du wissen, welche Geheimnisse die Stadt Calella verbirgt? Auf unserer Website kannst du alles entdecken, was du wissen musst. <\/p>\t            <\/div>        <\/div>\t\t\t\t<\/div>\n\t\t\t\t<\/div>\n\t\t\t\t<div class=\"elementor-element elementor-element-c190342 elementor-widget elementor-widget-cs_tabs\" data-id=\"c190342\" data-element_type=\"widget\" data-e-type=\"widget\" data-widget_type=\"cs_tabs.default\">\n\t\t\t\t<div class=\"elementor-widget-container\">\n\t\t\t\t\t            <div class=\"cs-tabs\">\n                <div class=\"elementor-tabs-wrapper\" role=\"tablist\">                    <div class=\"elementor-tab-title elementor-tab-desktop-title elementor-active\">\n                        <a href=\"#elementor-tab-c190342-0\" class=\"tab-title-link\"><\/a>\n                    <\/div>                <\/div>\n\n                <div class=\"elementor-tabs-content-wrapper\" role=\"tablist\" aria-orientation=\"horizontal\">                    <div id=\"elementor-tab-c190342-0\" class=\"elementor-tab-content elementor-clearfix elementor-active\">\t\t\t<link rel=\"stylesheet\" id=\"elementor-post-5402-css\" href=\"https:\/\/hotelbernatcalella.com\/wp-content\/uploads\/elementor\/css\/post-5402.css?ver=1777523500\" type=\"text\/css\" media=\"all\">\t\t<div data-elementor-type=\"wp-post\" data-elementor-id=\"5402\" class=\"elementor elementor-5402\" data-elementor-post-type=\"custom_blocks\">\n\t\t\t\t<div class=\"elementor-element elementor-element-099ed0b e-flex e-con-boxed e-con e-parent\" data-id=\"099ed0b\" data-element_type=\"container\" data-e-type=\"container\">\n\t\t\t\t\t<div class=\"e-con-inner\">\n\t\t\t\t<div class=\"elementor-element elementor-element-9998d14 elementor-hidden-mobile elementor-widget elementor-widget-cs_blog\" data-id=\"9998d14\" data-element_type=\"widget\" data-e-type=\"widget\" data-widget_type=\"cs_blog.default\">\n\t\t\t\t<div class=\"elementor-widget-container\">\n\t\t\t\t\t\t\t\t\t<div class=\"posts layout-grid column-3 img-ratio-3-2\">\n\t\t\t\t\t\t\t\t\t<div class=\"posts-wrapper\">\n<article class=\"post-20579 post type-post status-publish format-standard has-post-thumbnail hentry category-alrededores-de tag-aktivitaten tag-familien tag-kultur tag-paare tag-reiseziele-rund-um-calella tag-sehenswurdigkeiten-in-maresme\">\n            <div class=\"featured-img\">\n        \t<a href=\"https:\/\/hotelbernatcalella.com\/de\/alrededores-de\/reizvolle-doerfer-naehe-calella\/\"><img loading=\"lazy\" decoding=\"async\" width=\"780\" height=\"401\" src=\"https:\/\/hotelbernatcalella.com\/wp-content\/uploads\/2026\/04\/Pueblos-alrededores-Calella_Maresme-780x401.webp\" class=\"attachment-cozystay_780x9999 size-cozystay_780x9999 wp-post-image image-layout-grid-column-3\" alt=\"Reizvolle D\u00f6rfer in der N\u00e4he von Calella_Maresme\" srcset=\"https:\/\/hotelbernatcalella.com\/wp-content\/uploads\/2026\/04\/Pueblos-alrededores-Calella_Maresme-780x401.webp 780w, https:\/\/hotelbernatcalella.com\/wp-content\/uploads\/2026\/04\/Pueblos-alrededores-Calella_Maresme-300x154.webp 300w, https:\/\/hotelbernatcalella.com\/wp-content\/uploads\/2026\/04\/Pueblos-alrededores-Calella_Maresme-1024x527.webp 1024w, https:\/\/hotelbernatcalella.com\/wp-content\/uploads\/2026\/04\/Pueblos-alrededores-Calella_Maresme-768x395.webp 768w, https:\/\/hotelbernatcalella.com\/wp-content\/uploads\/2026\/04\/Pueblos-alrededores-Calella_Maresme-1536x790.webp 1536w, https:\/\/hotelbernatcalella.com\/wp-content\/uploads\/2026\/04\/Pueblos-alrededores-Calella_Maresme-1920x988.webp 1920w, https:\/\/hotelbernatcalella.com\/wp-content\/uploads\/2026\/04\/Pueblos-alrededores-Calella_Maresme-1440x741.webp 1440w, https:\/\/hotelbernatcalella.com\/wp-content\/uploads\/2026\/04\/Pueblos-alrededores-Calella_Maresme-1200x617.webp 1200w, https:\/\/hotelbernatcalella.com\/wp-content\/uploads\/2026\/04\/Pueblos-alrededores-Calella_Maresme-600x309.webp 600w, https:\/\/hotelbernatcalella.com\/wp-content\/uploads\/2026\/04\/Pueblos-alrededores-Calella_Maresme-550x283.webp 550w, https:\/\/hotelbernatcalella.com\/wp-content\/uploads\/2026\/04\/Pueblos-alrededores-Calella_Maresme-370x190.webp 370w, https:\/\/hotelbernatcalella.com\/wp-content\/uploads\/2026\/04\/Pueblos-alrededores-Calella_Maresme-255x131.webp 255w, https:\/\/hotelbernatcalella.com\/wp-content\/uploads\/2026\/04\/Pueblos-alrededores-Calella_Maresme.webp 2000w\" sizes=\"(max-width: 780px) 100vw, 780px\" \/><\/a>        <\/div>\n    <div class=\"post-content\">\n        <header class=\"post-header\">    <h2 class=\"post-title\">\n        <a href=\"https:\/\/hotelbernatcalella.com\/de\/alrededores-de\/reizvolle-doerfer-naehe-calella\/\">Reizvolle D\u00f6rfer in der N\u00e4he von Calella<\/a>\n    <\/h2>        <\/header>\t\t<div class=\"post-excerpt\"><p>Wenn Sie f\u00fcr ein paar Tage in unserem Hotel in Calella \u00fcbernachten, m\u00f6chten wir Ihnen einige sch\u00f6ne D\u00f6rfer empfehlen. In diesem Blog finden Sie reizvolle &#8230;<\/p>\n<\/div>             <footer class=\"post-footer\">        <div class=\"more-btn\">\n            <a class=\"read-more-btn button cs-btn-underline\" href=\"https:\/\/hotelbernatcalella.com\/de\/alrededores-de\/reizvolle-doerfer-naehe-calella\/\"><span>Mehr lesen<\/span><\/a>\n        <\/div>            <\/footer>    <\/div>\n<\/article>\n\n<article class=\"post-20084 post type-post status-publish format-standard has-post-thumbnail hentry category-calella-de tag-actividades-gratis-de tag-aktivitaten tag-familien tag-was-man-in-calella tag-was-man-in-calella-besichtigen-kann\">\n            <div class=\"featured-img\">\n        \t<a href=\"https:\/\/hotelbernatcalella.com\/de\/calella-de\/was-man-calella-kindern-unternehmen-kann\/\"><img loading=\"lazy\" decoding=\"async\" width=\"780\" height=\"401\" src=\"https:\/\/hotelbernatcalella.com\/wp-content\/uploads\/2026\/03\/que-hacer-con-ninos-en-Calella-780x401.webp\" class=\"attachment-cozystay_780x9999 size-cozystay_780x9999 wp-post-image image-layout-grid-column-3\" alt=\"Was man in Calella\" srcset=\"https:\/\/hotelbernatcalella.com\/wp-content\/uploads\/2026\/03\/que-hacer-con-ninos-en-Calella-780x401.webp 780w, https:\/\/hotelbernatcalella.com\/wp-content\/uploads\/2026\/03\/que-hacer-con-ninos-en-Calella-300x154.webp 300w, https:\/\/hotelbernatcalella.com\/wp-content\/uploads\/2026\/03\/que-hacer-con-ninos-en-Calella-1024x527.webp 1024w, https:\/\/hotelbernatcalella.com\/wp-content\/uploads\/2026\/03\/que-hacer-con-ninos-en-Calella-768x395.webp 768w, https:\/\/hotelbernatcalella.com\/wp-content\/uploads\/2026\/03\/que-hacer-con-ninos-en-Calella-1536x790.webp 1536w, https:\/\/hotelbernatcalella.com\/wp-content\/uploads\/2026\/03\/que-hacer-con-ninos-en-Calella-1920x988.webp 1920w, https:\/\/hotelbernatcalella.com\/wp-content\/uploads\/2026\/03\/que-hacer-con-ninos-en-Calella-1440x741.webp 1440w, https:\/\/hotelbernatcalella.com\/wp-content\/uploads\/2026\/03\/que-hacer-con-ninos-en-Calella-1200x617.webp 1200w, https:\/\/hotelbernatcalella.com\/wp-content\/uploads\/2026\/03\/que-hacer-con-ninos-en-Calella-600x309.webp 600w, https:\/\/hotelbernatcalella.com\/wp-content\/uploads\/2026\/03\/que-hacer-con-ninos-en-Calella-550x283.webp 550w, https:\/\/hotelbernatcalella.com\/wp-content\/uploads\/2026\/03\/que-hacer-con-ninos-en-Calella-370x190.webp 370w, https:\/\/hotelbernatcalella.com\/wp-content\/uploads\/2026\/03\/que-hacer-con-ninos-en-Calella-255x131.webp 255w, https:\/\/hotelbernatcalella.com\/wp-content\/uploads\/2026\/03\/que-hacer-con-ninos-en-Calella.webp 2000w\" sizes=\"(max-width: 780px) 100vw, 780px\" \/><\/a>        <\/div>\n    <div class=\"post-content\">\n        <header class=\"post-header\">    <h2 class=\"post-title\">\n        <a href=\"https:\/\/hotelbernatcalella.com\/de\/calella-de\/was-man-calella-kindern-unternehmen-kann\/\">Was man in Calella mit Kindern unternehmen kann<\/a>\n    <\/h2>        <\/header>\t\t<div class=\"post-excerpt\"><p>Calella (an der K\u00fcste des Maresme, in der N\u00e4he von Barcelona) ist ein sehr kinderfreundliches Reiseziel: Es gibt breite Str\u00e4nde, Spielpl\u00e4tze direkt am Meer und &#8230;<\/p>\n<\/div>             <footer class=\"post-footer\">        <div class=\"more-btn\">\n            <a class=\"read-more-btn button cs-btn-underline\" href=\"https:\/\/hotelbernatcalella.com\/de\/calella-de\/was-man-calella-kindern-unternehmen-kann\/\"><span>Mehr lesen<\/span><\/a>\n        <\/div>            <\/footer>    <\/div>\n<\/article>\n\n<article class=\"post-19732 post type-post status-publish format-standard has-post-thumbnail hentry category-calella-de tag-actividades-gratis-de tag-aktivitaten tag-calella-de tag-familien tag-hotel-mit-spa tag-leuchtturm-von-calella tag-paare tag-spa-calella tag-was-man-in-calella-besichtigen-kann tag-was-zu-tun\">\n            <div class=\"featured-img\">\n        \t<a href=\"https:\/\/hotelbernatcalella.com\/de\/calella-de\/was-man-im-winter-in-calella-unternehmen-kann\/\"><img loading=\"lazy\" decoding=\"async\" width=\"780\" height=\"401\" src=\"https:\/\/hotelbernatcalella.com\/wp-content\/uploads\/2026\/02\/Q-fer-a-Calella-780x401.webp\" class=\"attachment-cozystay_780x9999 size-cozystay_780x9999 wp-post-image image-layout-grid-column-3\" alt=\"Was man in Calella unternehmen kann\" srcset=\"https:\/\/hotelbernatcalella.com\/wp-content\/uploads\/2026\/02\/Q-fer-a-Calella-780x401.webp 780w, https:\/\/hotelbernatcalella.com\/wp-content\/uploads\/2026\/02\/Q-fer-a-Calella-300x154.webp 300w, https:\/\/hotelbernatcalella.com\/wp-content\/uploads\/2026\/02\/Q-fer-a-Calella-1024x527.webp 1024w, https:\/\/hotelbernatcalella.com\/wp-content\/uploads\/2026\/02\/Q-fer-a-Calella-768x395.webp 768w, https:\/\/hotelbernatcalella.com\/wp-content\/uploads\/2026\/02\/Q-fer-a-Calella-1536x790.webp 1536w, https:\/\/hotelbernatcalella.com\/wp-content\/uploads\/2026\/02\/Q-fer-a-Calella-1920x988.webp 1920w, https:\/\/hotelbernatcalella.com\/wp-content\/uploads\/2026\/02\/Q-fer-a-Calella-1440x741.webp 1440w, https:\/\/hotelbernatcalella.com\/wp-content\/uploads\/2026\/02\/Q-fer-a-Calella-1200x617.webp 1200w, https:\/\/hotelbernatcalella.com\/wp-content\/uploads\/2026\/02\/Q-fer-a-Calella-600x309.webp 600w, https:\/\/hotelbernatcalella.com\/wp-content\/uploads\/2026\/02\/Q-fer-a-Calella-550x283.webp 550w, https:\/\/hotelbernatcalella.com\/wp-content\/uploads\/2026\/02\/Q-fer-a-Calella-370x190.webp 370w, https:\/\/hotelbernatcalella.com\/wp-content\/uploads\/2026\/02\/Q-fer-a-Calella-255x131.webp 255w, https:\/\/hotelbernatcalella.com\/wp-content\/uploads\/2026\/02\/Q-fer-a-Calella.webp 2000w\" sizes=\"(max-width: 780px) 100vw, 780px\" \/><\/a>        <\/div>\n    <div class=\"post-content\">\n        <header class=\"post-header\">    <h2 class=\"post-title\">\n        <a href=\"https:\/\/hotelbernatcalella.com\/de\/calella-de\/was-man-im-winter-in-calella-unternehmen-kann\/\">Was man im Winter in Calella unternehmen kann<\/a>\n    <\/h2>        <\/header>\t\t<div class=\"post-excerpt\"><p>Entdecken Sie, was man im Winter in Calella unternehmen kann: Spazierg\u00e4nge am Meer, Wandern, Kultur, lokale Gastronomie und Entspannung f\u00fcr einen ruhigen Kurzurlaub.<\/p>\n<\/div>             <footer class=\"post-footer\">        <div class=\"more-btn\">\n            <a class=\"read-more-btn button cs-btn-underline\" href=\"https:\/\/hotelbernatcalella.com\/de\/calella-de\/was-man-im-winter-in-calella-unternehmen-kann\/\"><span>Mehr lesen<\/span><\/a>\n        <\/div>            <\/footer>    <\/div>\n<\/article>\n\t\t\t\t<\/div>\t\t\t\t<\/div>\t\t\t\t<\/div>\n\t\t\t\t<\/div>\n\t\t\t\t\t<\/div>\n\t\t\t\t<\/div>\n\t\t<div class=\"elementor-element elementor-element-ac2e098 e-flex e-con-boxed e-con e-parent\" data-id=\"ac2e098\" data-element_type=\"container\" data-e-type=\"container\">\n\t\t\t\t\t<div class=\"e-con-inner\">\n\t\t\t\t<div class=\"elementor-element elementor-element-afe1ff8 elementor-hidden-desktop elementor-hidden-tablet elementor-widget elementor-widget-cs_blog\" data-id=\"afe1ff8\" data-element_type=\"widget\" data-e-type=\"widget\" data-widget_type=\"cs_blog.default\">\n\t\t\t\t<div class=\"elementor-widget-container\">\n\t\t\t\t\t\t\t\t\t<div class=\"posts layout-standard\">\n\t\t\t\t\t\t\t\t\t<div class=\"posts-wrapper\">\n\n<article class=\"post-20579 post type-post status-publish format-standard has-post-thumbnail hentry category-alrededores-de tag-aktivitaten tag-familien tag-kultur tag-paare tag-reiseziele-rund-um-calella tag-sehenswurdigkeiten-in-maresme\">\n            <div class=\"featured-img\">\n        \t<a href=\"https:\/\/hotelbernatcalella.com\/de\/alrededores-de\/reizvolle-doerfer-naehe-calella\/\"><img loading=\"lazy\" decoding=\"async\" width=\"1200\" height=\"617\" src=\"https:\/\/hotelbernatcalella.com\/wp-content\/uploads\/2026\/04\/Pueblos-alrededores-Calella_Maresme-1200x617.webp\" class=\"attachment-cozystay_1200x9999 size-cozystay_1200x9999 wp-post-image\" alt=\"Reizvolle D\u00f6rfer in der N\u00e4he von Calella_Maresme\" srcset=\"https:\/\/hotelbernatcalella.com\/wp-content\/uploads\/2026\/04\/Pueblos-alrededores-Calella_Maresme-1200x617.webp 1200w, https:\/\/hotelbernatcalella.com\/wp-content\/uploads\/2026\/04\/Pueblos-alrededores-Calella_Maresme-300x154.webp 300w, https:\/\/hotelbernatcalella.com\/wp-content\/uploads\/2026\/04\/Pueblos-alrededores-Calella_Maresme-1024x527.webp 1024w, https:\/\/hotelbernatcalella.com\/wp-content\/uploads\/2026\/04\/Pueblos-alrededores-Calella_Maresme-768x395.webp 768w, https:\/\/hotelbernatcalella.com\/wp-content\/uploads\/2026\/04\/Pueblos-alrededores-Calella_Maresme-1536x790.webp 1536w, https:\/\/hotelbernatcalella.com\/wp-content\/uploads\/2026\/04\/Pueblos-alrededores-Calella_Maresme-1920x988.webp 1920w, https:\/\/hotelbernatcalella.com\/wp-content\/uploads\/2026\/04\/Pueblos-alrededores-Calella_Maresme-1440x741.webp 1440w, https:\/\/hotelbernatcalella.com\/wp-content\/uploads\/2026\/04\/Pueblos-alrededores-Calella_Maresme-780x401.webp 780w, https:\/\/hotelbernatcalella.com\/wp-content\/uploads\/2026\/04\/Pueblos-alrededores-Calella_Maresme-600x309.webp 600w, https:\/\/hotelbernatcalella.com\/wp-content\/uploads\/2026\/04\/Pueblos-alrededores-Calella_Maresme-550x283.webp 550w, https:\/\/hotelbernatcalella.com\/wp-content\/uploads\/2026\/04\/Pueblos-alrededores-Calella_Maresme-370x190.webp 370w, https:\/\/hotelbernatcalella.com\/wp-content\/uploads\/2026\/04\/Pueblos-alrededores-Calella_Maresme-255x131.webp 255w, https:\/\/hotelbernatcalella.com\/wp-content\/uploads\/2026\/04\/Pueblos-alrededores-Calella_Maresme.webp 2000w\" sizes=\"(max-width: 1200px) 100vw, 1200px\" \/><\/a>        <\/div>\n\t<div class=\"post-content\">\n\t\t<header class=\"post-header\">    <h2 class=\"post-title\">\n        <a href=\"https:\/\/hotelbernatcalella.com\/de\/alrededores-de\/reizvolle-doerfer-naehe-calella\/\">Reizvolle D\u00f6rfer in der N\u00e4he von Calella<\/a>\n    <\/h2>\t\t<\/header>\t\t<div class=\"post-excerpt\"><p>Wenn Sie f\u00fcr ein paar Tage in unserem Hotel in Calella \u00fcbernachten, m\u00f6chten wir Ihnen einige sch\u00f6ne D\u00f6rfer empfehlen. In diesem Blog finden Sie reizvolle D\u00f6rfer mit mediterranem Flair sowie D\u00f6rfer im Landesinneren mit den Weinbergen des Maresme Reizvolle D\u00f6rfer in der N\u00e4he von Calella, Barcelona Sant Pol de Mar &#8230;<\/p>\n<\/div>             <footer class=\"post-footer\">        <div class=\"more-btn\">\n            <a class=\"read-more-btn button cs-btn-underline\" href=\"https:\/\/hotelbernatcalella.com\/de\/alrededores-de\/reizvolle-doerfer-naehe-calella\/\"><span>Mehr lesen<\/span><\/a>\n        <\/div>            <\/footer>\t<\/div>\n<\/article>\n\n\n<article class=\"post-20084 post type-post status-publish format-standard has-post-thumbnail hentry category-calella-de tag-actividades-gratis-de tag-aktivitaten tag-familien tag-was-man-in-calella tag-was-man-in-calella-besichtigen-kann\">\n            <div class=\"featured-img\">\n        \t<a href=\"https:\/\/hotelbernatcalella.com\/de\/calella-de\/was-man-calella-kindern-unternehmen-kann\/\"><img loading=\"lazy\" decoding=\"async\" width=\"1200\" height=\"617\" src=\"https:\/\/hotelbernatcalella.com\/wp-content\/uploads\/2026\/03\/que-hacer-con-ninos-en-Calella-1200x617.webp\" class=\"attachment-cozystay_1200x9999 size-cozystay_1200x9999 wp-post-image\" alt=\"Was man in Calella\" srcset=\"https:\/\/hotelbernatcalella.com\/wp-content\/uploads\/2026\/03\/que-hacer-con-ninos-en-Calella-1200x617.webp 1200w, https:\/\/hotelbernatcalella.com\/wp-content\/uploads\/2026\/03\/que-hacer-con-ninos-en-Calella-300x154.webp 300w, https:\/\/hotelbernatcalella.com\/wp-content\/uploads\/2026\/03\/que-hacer-con-ninos-en-Calella-1024x527.webp 1024w, https:\/\/hotelbernatcalella.com\/wp-content\/uploads\/2026\/03\/que-hacer-con-ninos-en-Calella-768x395.webp 768w, https:\/\/hotelbernatcalella.com\/wp-content\/uploads\/2026\/03\/que-hacer-con-ninos-en-Calella-1536x790.webp 1536w, https:\/\/hotelbernatcalella.com\/wp-content\/uploads\/2026\/03\/que-hacer-con-ninos-en-Calella-1920x988.webp 1920w, https:\/\/hotelbernatcalella.com\/wp-content\/uploads\/2026\/03\/que-hacer-con-ninos-en-Calella-1440x741.webp 1440w, https:\/\/hotelbernatcalella.com\/wp-content\/uploads\/2026\/03\/que-hacer-con-ninos-en-Calella-780x401.webp 780w, https:\/\/hotelbernatcalella.com\/wp-content\/uploads\/2026\/03\/que-hacer-con-ninos-en-Calella-600x309.webp 600w, https:\/\/hotelbernatcalella.com\/wp-content\/uploads\/2026\/03\/que-hacer-con-ninos-en-Calella-550x283.webp 550w, https:\/\/hotelbernatcalella.com\/wp-content\/uploads\/2026\/03\/que-hacer-con-ninos-en-Calella-370x190.webp 370w, https:\/\/hotelbernatcalella.com\/wp-content\/uploads\/2026\/03\/que-hacer-con-ninos-en-Calella-255x131.webp 255w, https:\/\/hotelbernatcalella.com\/wp-content\/uploads\/2026\/03\/que-hacer-con-ninos-en-Calella.webp 2000w\" sizes=\"(max-width: 1200px) 100vw, 1200px\" \/><\/a>        <\/div>\n\t<div class=\"post-content\">\n\t\t<header class=\"post-header\">    <h2 class=\"post-title\">\n        <a href=\"https:\/\/hotelbernatcalella.com\/de\/calella-de\/was-man-calella-kindern-unternehmen-kann\/\">Was man in Calella mit Kindern unternehmen kann<\/a>\n    <\/h2>\t\t<\/header>\t\t<div class=\"post-excerpt\"><p>Calella (an der K\u00fcste des Maresme, in der N\u00e4he von Barcelona) ist ein sehr kinderfreundliches Reiseziel: Es gibt breite Str\u00e4nde, Spielpl\u00e4tze direkt am Meer und viele Ausflugsziele in der Umgebung, die sich hervorragend f\u00fcr Familien eignen. Vom Hotel Bernat II aus bieten wir euch einen praktischen Reisef\u00fchrer mit Tipps f\u00fcr &#8230;<\/p>\n<\/div>             <footer class=\"post-footer\">        <div class=\"more-btn\">\n            <a class=\"read-more-btn button cs-btn-underline\" href=\"https:\/\/hotelbernatcalella.com\/de\/calella-de\/was-man-calella-kindern-unternehmen-kann\/\"><span>Mehr lesen<\/span><\/a>\n        <\/div>            <\/footer>\t<\/div>\n<\/article>\n\n\n<article class=\"post-19732 post type-post status-publish format-standard has-post-thumbnail hentry category-calella-de tag-actividades-gratis-de tag-aktivitaten tag-calella-de tag-familien tag-hotel-mit-spa tag-leuchtturm-von-calella tag-paare tag-spa-calella tag-was-man-in-calella-besichtigen-kann tag-was-zu-tun\">\n            <div class=\"featured-img\">\n        \t<a href=\"https:\/\/hotelbernatcalella.com\/de\/calella-de\/was-man-im-winter-in-calella-unternehmen-kann\/\"><img loading=\"lazy\" decoding=\"async\" width=\"1200\" height=\"617\" src=\"https:\/\/hotelbernatcalella.com\/wp-content\/uploads\/2026\/02\/Q-fer-a-Calella-1200x617.webp\" class=\"attachment-cozystay_1200x9999 size-cozystay_1200x9999 wp-post-image\" alt=\"Was man in Calella unternehmen kann\" srcset=\"https:\/\/hotelbernatcalella.com\/wp-content\/uploads\/2026\/02\/Q-fer-a-Calella-1200x617.webp 1200w, https:\/\/hotelbernatcalella.com\/wp-content\/uploads\/2026\/02\/Q-fer-a-Calella-300x154.webp 300w, https:\/\/hotelbernatcalella.com\/wp-content\/uploads\/2026\/02\/Q-fer-a-Calella-1024x527.webp 1024w, https:\/\/hotelbernatcalella.com\/wp-content\/uploads\/2026\/02\/Q-fer-a-Calella-768x395.webp 768w, https:\/\/hotelbernatcalella.com\/wp-content\/uploads\/2026\/02\/Q-fer-a-Calella-1536x790.webp 1536w, https:\/\/hotelbernatcalella.com\/wp-content\/uploads\/2026\/02\/Q-fer-a-Calella-1920x988.webp 1920w, https:\/\/hotelbernatcalella.com\/wp-content\/uploads\/2026\/02\/Q-fer-a-Calella-1440x741.webp 1440w, https:\/\/hotelbernatcalella.com\/wp-content\/uploads\/2026\/02\/Q-fer-a-Calella-780x401.webp 780w, https:\/\/hotelbernatcalella.com\/wp-content\/uploads\/2026\/02\/Q-fer-a-Calella-600x309.webp 600w, https:\/\/hotelbernatcalella.com\/wp-content\/uploads\/2026\/02\/Q-fer-a-Calella-550x283.webp 550w, https:\/\/hotelbernatcalella.com\/wp-content\/uploads\/2026\/02\/Q-fer-a-Calella-370x190.webp 370w, https:\/\/hotelbernatcalella.com\/wp-content\/uploads\/2026\/02\/Q-fer-a-Calella-255x131.webp 255w, https:\/\/hotelbernatcalella.com\/wp-content\/uploads\/2026\/02\/Q-fer-a-Calella.webp 2000w\" sizes=\"(max-width: 1200px) 100vw, 1200px\" \/><\/a>        <\/div>\n\t<div class=\"post-content\">\n\t\t<header class=\"post-header\">    <h2 class=\"post-title\">\n        <a href=\"https:\/\/hotelbernatcalella.com\/de\/calella-de\/was-man-im-winter-in-calella-unternehmen-kann\/\">Was man im Winter in Calella unternehmen kann<\/a>\n    <\/h2>\t\t<\/header>\t\t<div class=\"post-excerpt\"><p>Entdecken Sie, was man im Winter in Calella unternehmen kann: Spazierg\u00e4nge am Meer, Wandern, Kultur, lokale Gastronomie und Entspannung f\u00fcr einen ruhigen Kurzurlaub.<\/p>\n<\/div>             <footer class=\"post-footer\">        <div class=\"more-btn\">\n            <a class=\"read-more-btn button cs-btn-underline\" href=\"https:\/\/hotelbernatcalella.com\/de\/calella-de\/was-man-im-winter-in-calella-unternehmen-kann\/\"><span>Mehr lesen<\/span><\/a>\n        <\/div>            <\/footer>\t<\/div>\n<\/article>\n\t\t\t\t<\/div>\t\t\t\t<\/div>\t\t\t\t<\/div>\n\t\t\t\t<\/div>\n\t\t\t\t\t<\/div>\n\t\t\t\t<\/div>\n\t\t\t\t<\/div>\n\t\t                    <\/div>                <\/div>\n            <\/div>\t\t\t\t<\/div>\n\t\t\t\t<\/div>\n\t\t\t\t<div class=\"elementor-element elementor-element-965f145 elementor-widget elementor-widget-spacer\" data-id=\"965f145\" data-element_type=\"widget\" data-e-type=\"widget\" data-widget_type=\"spacer.default\">\n\t\t\t\t\t\t\t<div class=\"elementor-spacer\">\n\t\t\t<div class=\"elementor-spacer-inner\"><\/div>\n\t\t<\/div>\n\t\t\t\t\t\t<\/div>\n\t\t\t\t<\/div>\n\t\t\t\t<\/div>\n\t\t","protected":false},"excerpt":{"rendered":"<p>Familienurlaub in Calella Familienurlaub in Calella mit der bestm\u00f6glichen Gesellschaft. Machen Sie mit? Familienurlaub in Calella Das Hotel Bernat II wurde mit dem Siegel \u201eFamilienfreundliches Reiseziel\u201c ausgezeichnet.Wenn Sie Ihren Familienurlaub in Calella bei uns verbringen, k\u00f6nnen Sie verschiedene Aktivit\u00e4ten sowohl im Hotel als auch in Calella genie\u00dfen. Aktivit\u00e4ten f\u00fcr Kinder Das Hotel bietet einen Miniclub &#8230;<\/p>\n","protected":false},"author":1,"featured_media":0,"parent":0,"menu_order":0,"comment_status":"closed","ping_status":"closed","template":"elementor_header_footer","meta":{"cozystay_single_page_hide_site_header":"","cozystay_single_page_site_header_source":"","cozystay_single_page_custom_site_header":"0","cozystay_single_page_custom_sticky_site_header":"0","cozystay_single_page_hide_page_title":"","cozystay_single_page_header_section_size":"","cozystay_single_page_header_background_color":"","cozystay_single_page_header_background_position_x":"center","cozystay_single_page_header_background_position_y":"center","cozystay_single_page_header_background_size":"cover","cozystay_single_page_header_background_repeat":"off","cozystay_single_page_header_background_scroll":"on","cozystay_single_page_header_text_color":"","cozystay_single_page_header_show_breadcrumb":"","cozystay_single_page_site_footer_hide_main":"","cozystay_single_custom_site_footer_main_source":"","cozystay_single_custom_site_footer_main":"0","cozystay_single_page_site_footer_hide_above":"","cozystay_single_custom_site_footer_above_source":"","cozystay_single_custom_site_footer_above":"0","cozystay_single_page_site_footer_hide_instagram":"","cozystay_single_page_site_footer_hide_bottom":"","cozystay_single_custom_mobile_menu_source":"","cozystay_single_custom_mobile_menu":"0","cozystay_single_custom_mobile_menu_animation":"","cozystay_single_custom_mobile_menu_width":"","cozystay_single_custom_mobile_menu_custom_width":375,"footnotes":""},"class_list":["post-10653","page","type-page","status-publish","hentry"],"yoast_head":"<!-- This site is optimized with the Yoast SEO plugin v27.1.1 - https:\/\/yoast.com\/product\/yoast-seo-wordpress\/ -->\n<title>Familienurlaub in Calella | Hotel Bernat II<\/title>\n<meta name=\"description\" content=\"Familienurlaub in Calella: Entdecken Sie die Aktivit\u00e4ten, die Sie mit Ihrer Familie in Calella unternehmen k\u00f6nnen, darunter Miniclub, Schwimmbad, Parks und mehr.\" \/>\n<meta name=\"robots\" content=\"index, follow, max-snippet:-1, max-image-preview:large, max-video-preview:-1\" \/>\n<link rel=\"canonical\" href=\"https:\/\/hotelbernatcalella.com\/de\/familienurlaub\/\" \/>\n<meta property=\"og:locale\" content=\"de_DE\" \/>\n<meta property=\"og:type\" content=\"article\" \/>\n<meta property=\"og:title\" content=\"Familienurlaub in Calella | Hotel Bernat II\" \/>\n<meta property=\"og:description\" content=\"Familienurlaub in Calella: Entdecken Sie die Aktivit\u00e4ten, die Sie mit Ihrer Familie in Calella unternehmen k\u00f6nnen, darunter Miniclub, Schwimmbad, Parks und mehr.\" \/>\n<meta property=\"og:url\" content=\"https:\/\/hotelbernatcalella.com\/de\/familienurlaub\/\" \/>\n<meta property=\"og:site_name\" content=\"Hotel Bernat II\" \/>\n<meta property=\"article:modified_time\" content=\"2025-08-13T10:36:37+00:00\" \/>\n<meta property=\"og:image\" content=\"https:\/\/www.hotelbernatcalella.com\/wp-content\/uploads\/2025\/06\/miniclub-hotel-calella.webp\" \/>\n<meta name=\"twitter:card\" content=\"summary_large_image\" \/>\n<meta name=\"twitter:label1\" content=\"Gesch\u00e4tzte Lesezeit\" \/>\n\t<meta name=\"twitter:data1\" content=\"3\u00a0Minuten\" \/>\n<script type=\"application\/ld+json\" class=\"yoast-schema-graph\">{\"@context\":\"https:\/\/schema.org\",\"@graph\":[{\"@type\":\"WebPage\",\"@id\":\"https:\/\/hotelbernatcalella.com\/de\/familienurlaub\/\",\"url\":\"https:\/\/hotelbernatcalella.com\/de\/familienurlaub\/\",\"name\":\"Familienurlaub in Calella | Hotel Bernat II\",\"isPartOf\":{\"@id\":\"https:\/\/hotelbernatcalella.com\/de\/#website\"},\"primaryImageOfPage\":{\"@id\":\"https:\/\/hotelbernatcalella.com\/de\/familienurlaub\/#primaryimage\"},\"image\":{\"@id\":\"https:\/\/hotelbernatcalella.com\/de\/familienurlaub\/#primaryimage\"},\"thumbnailUrl\":\"https:\/\/www.hotelbernatcalella.com\/wp-content\/uploads\/2025\/06\/miniclub-hotel-calella.webp\",\"datePublished\":\"2024-09-26T10:36:40+00:00\",\"dateModified\":\"2025-08-13T10:36:37+00:00\",\"description\":\"Familienurlaub in Calella: Entdecken Sie die Aktivit\u00e4ten, die Sie mit Ihrer Familie in Calella unternehmen k\u00f6nnen, darunter Miniclub, Schwimmbad, Parks und mehr.\",\"breadcrumb\":{\"@id\":\"https:\/\/hotelbernatcalella.com\/de\/familienurlaub\/#breadcrumb\"},\"inLanguage\":\"de\",\"potentialAction\":[{\"@type\":\"ReadAction\",\"target\":[\"https:\/\/hotelbernatcalella.com\/de\/familienurlaub\/\"]}]},{\"@type\":\"ImageObject\",\"inLanguage\":\"de\",\"@id\":\"https:\/\/hotelbernatcalella.com\/de\/familienurlaub\/#primaryimage\",\"url\":\"https:\/\/www.hotelbernatcalella.com\/wp-content\/uploads\/2025\/06\/miniclub-hotel-calella.webp\",\"contentUrl\":\"https:\/\/www.hotelbernatcalella.com\/wp-content\/uploads\/2025\/06\/miniclub-hotel-calella.webp\"},{\"@type\":\"BreadcrumbList\",\"@id\":\"https:\/\/hotelbernatcalella.com\/de\/familienurlaub\/#breadcrumb\",\"itemListElement\":[{\"@type\":\"ListItem\",\"position\":1,\"name\":\"Portada\",\"item\":\"https:\/\/www.hotelbernatcalella.com\/de\/\"},{\"@type\":\"ListItem\",\"position\":2,\"name\":\"Familienurlaub\"}]},{\"@type\":\"WebSite\",\"@id\":\"https:\/\/hotelbernatcalella.com\/de\/#website\",\"url\":\"https:\/\/hotelbernatcalella.com\/de\/\",\"name\":\"Hotel Bernat II & Spa Calella\",\"description\":\"Hotel in Calella\",\"alternateName\":\"Hotel Bernat II & Spa\",\"potentialAction\":[{\"@type\":\"SearchAction\",\"target\":{\"@type\":\"EntryPoint\",\"urlTemplate\":\"https:\/\/hotelbernatcalella.com\/de\/?s={search_term_string}\"},\"query-input\":{\"@type\":\"PropertyValueSpecification\",\"valueRequired\":true,\"valueName\":\"search_term_string\"}}],\"inLanguage\":\"de\"}]}<\/script>\n<!-- \/ Yoast SEO plugin. -->","yoast_head_json":{"title":"Familienurlaub in Calella | Hotel Bernat II","description":"Familienurlaub in Calella: Entdecken Sie die Aktivit\u00e4ten, die Sie mit Ihrer Familie in Calella unternehmen k\u00f6nnen, darunter Miniclub, Schwimmbad, Parks und mehr.","robots":{"index":"index","follow":"follow","max-snippet":"max-snippet:-1","max-image-preview":"max-image-preview:large","max-video-preview":"max-video-preview:-1"},"canonical":"https:\/\/hotelbernatcalella.com\/de\/familienurlaub\/","og_locale":"de_DE","og_type":"article","og_title":"Familienurlaub in Calella | Hotel Bernat II","og_description":"Familienurlaub in Calella: Entdecken Sie die Aktivit\u00e4ten, die Sie mit Ihrer Familie in Calella unternehmen k\u00f6nnen, darunter Miniclub, Schwimmbad, Parks und mehr.","og_url":"https:\/\/hotelbernatcalella.com\/de\/familienurlaub\/","og_site_name":"Hotel Bernat II","article_modified_time":"2025-08-13T10:36:37+00:00","og_image":[{"url":"https:\/\/www.hotelbernatcalella.com\/wp-content\/uploads\/2025\/06\/miniclub-hotel-calella.webp","type":"","width":"","height":""}],"twitter_card":"summary_large_image","twitter_misc":{"Gesch\u00e4tzte Lesezeit":"3\u00a0Minuten"},"schema":{"@context":"https:\/\/schema.org","@graph":[{"@type":"WebPage","@id":"https:\/\/hotelbernatcalella.com\/de\/familienurlaub\/","url":"https:\/\/hotelbernatcalella.com\/de\/familienurlaub\/","name":"Familienurlaub in Calella | Hotel Bernat II","isPartOf":{"@id":"https:\/\/hotelbernatcalella.com\/de\/#website"},"primaryImageOfPage":{"@id":"https:\/\/hotelbernatcalella.com\/de\/familienurlaub\/#primaryimage"},"image":{"@id":"https:\/\/hotelbernatcalella.com\/de\/familienurlaub\/#primaryimage"},"thumbnailUrl":"https:\/\/www.hotelbernatcalella.com\/wp-content\/uploads\/2025\/06\/miniclub-hotel-calella.webp","datePublished":"2024-09-26T10:36:40+00:00","dateModified":"2025-08-13T10:36:37+00:00","description":"Familienurlaub in Calella: Entdecken Sie die Aktivit\u00e4ten, die Sie mit Ihrer Familie in Calella unternehmen k\u00f6nnen, darunter Miniclub, Schwimmbad, Parks und mehr.","breadcrumb":{"@id":"https:\/\/hotelbernatcalella.com\/de\/familienurlaub\/#breadcrumb"},"inLanguage":"de","potentialAction":[{"@type":"ReadAction","target":["https:\/\/hotelbernatcalella.com\/de\/familienurlaub\/"]}]},{"@type":"ImageObject","inLanguage":"de","@id":"https:\/\/hotelbernatcalella.com\/de\/familienurlaub\/#primaryimage","url":"https:\/\/www.hotelbernatcalella.com\/wp-content\/uploads\/2025\/06\/miniclub-hotel-calella.webp","contentUrl":"https:\/\/www.hotelbernatcalella.com\/wp-content\/uploads\/2025\/06\/miniclub-hotel-calella.webp"},{"@type":"BreadcrumbList","@id":"https:\/\/hotelbernatcalella.com\/de\/familienurlaub\/#breadcrumb","itemListElement":[{"@type":"ListItem","position":1,"name":"Portada","item":"https:\/\/www.hotelbernatcalella.com\/de\/"},{"@type":"ListItem","position":2,"name":"Familienurlaub"}]},{"@type":"WebSite","@id":"https:\/\/hotelbernatcalella.com\/de\/#website","url":"https:\/\/hotelbernatcalella.com\/de\/","name":"Hotel Bernat II & Spa Calella","description":"Hotel in Calella","alternateName":"Hotel Bernat II & Spa","potentialAction":[{"@type":"SearchAction","target":{"@type":"EntryPoint","urlTemplate":"https:\/\/hotelbernatcalella.com\/de\/?s={search_term_string}"},"query-input":{"@type":"PropertyValueSpecification","valueRequired":true,"valueName":"search_term_string"}}],"inLanguage":"de"}]}},"_links":{"self":[{"href":"https:\/\/hotelbernatcalella.com\/de\/wp-json\/wp\/v2\/pages\/10653","targetHints":{"allow":["GET"]}}],"collection":[{"href":"https:\/\/hotelbernatcalella.com\/de\/wp-json\/wp\/v2\/pages"}],"about":[{"href":"https:\/\/hotelbernatcalella.com\/de\/wp-json\/wp\/v2\/types\/page"}],"author":[{"embeddable":true,"href":"https:\/\/hotelbernatcalella.com\/de\/wp-json\/wp\/v2\/users\/1"}],"replies":[{"embeddable":true,"href":"https:\/\/hotelbernatcalella.com\/de\/wp-json\/wp\/v2\/comments?post=10653"}],"version-history":[{"count":0,"href":"https:\/\/hotelbernatcalella.com\/de\/wp-json\/wp\/v2\/pages\/10653\/revisions"}],"wp:attachment":[{"href":"https:\/\/hotelbernatcalella.com\/de\/wp-json\/wp\/v2\/media?parent=10653"}],"curies":[{"name":"wp","href":"https:\/\/api.w.org\/{rel}","templated":true}]}}