{"id":8171,"date":"2024-11-13T12:38:21","date_gmt":"2024-11-13T12:38:21","guid":{"rendered":"https:\/\/hotelbernatcalella.com\/home-complete\/"},"modified":"2026-03-31T15:52:40","modified_gmt":"2026-03-31T15:52:40","slug":"home","status":"publish","type":"page","link":"https:\/\/hotelbernatcalella.com\/ca\/","title":{"rendered":"Home"},"content":{"rendered":"\t\t<div data-elementor-type=\"wp-page\" data-elementor-id=\"8171\" class=\"elementor elementor-8171 elementor-8037\" data-elementor-post-type=\"page\">\n\t\t\t\t<div class=\"elementor-element elementor-element-0cf4ce9 elementor-align-center e-flex e-con-boxed e-con e-parent\" data-id=\"0cf4ce9\" data-element_type=\"container\" data-e-type=\"container\" data-settings=\"{&quot;background_background&quot;:&quot;classic&quot;}\">\n\t\t\t\t\t<div class=\"e-con-inner\">\n\t\t\t\t<div class=\"elementor-element elementor-element-5ad25fa elementor-widget__width-inherit elementor-widget-tablet__width-inherit elementor-widget elementor-widget-heading\" data-id=\"5ad25fa\" data-element_type=\"widget\" data-e-type=\"widget\" data-widget_type=\"heading.default\">\n\t\t\t\t\t<h1 class=\"elementor-heading-title elementor-size-default\">Hotel a Calella<\/h1>\t\t\t\t<\/div>\n\t\t\t\t\t<\/div>\n\t\t\t\t<\/div>\n\t\t<div class=\"elementor-element elementor-element-ff82ba5 e-flex e-con-boxed e-con e-parent\" data-id=\"ff82ba5\" data-element_type=\"container\" data-e-type=\"container\">\n\t\t\t\t\t<div class=\"e-con-inner\">\n\t\t<div class=\"elementor-element elementor-element-68f4780 e-con-full e-flex e-con e-child\" data-id=\"68f4780\" data-element_type=\"container\" data-e-type=\"container\">\n\t\t\t\t<div class=\"elementor-element elementor-element-cf755a8 elementor-widget__width-initial elementor-widget elementor-widget-cs_title\" data-id=\"cf755a8\" data-element_type=\"widget\" data-e-type=\"widget\" data-widget_type=\"cs_title.default\">\n\t\t\t\t<div class=\"elementor-widget-container\">\n\t\t\t\t\t\n        <div class=\"cs-title-wrap text-center text-center-tablet\">\t            <div class=\"cs-subtitle-wrap\"><span class=\"cs-subtitle color-black\">HOTEL A CALELLA<\/span><\/div>\t            <h2 class=\"cs-title\">\n\t                Hotel Bernat II\t            <\/h2>\t            <div class=\"cs-title-text\">\n\t                <p>L&#8217;<strong>Hotel Bernat II<\/strong> \u00e9s el lloc que est\u00e0s buscant per gaudir de les teves vacances a la costa mediterr\u00e0nia.<\/p><p>El nostre <strong>hotel a Calella<\/strong> ofereix una experi\u00e8ncia completa a escassos metres de la platja.<\/p>\t            <\/div>                <div class=\"cs-title-btn\">\n                    <a class=\"button elementor-button-link cs-btn-outline\" role=\"button\" href=\"https:\/\/booking.hotelbernatcalella.com\/\/?rooms=1&#038;platformId=2&#038;widgetId=2267&#038;roomsCfg=1-2-0&#038;firstSearch=true&#038;language=ca\">\n                        <span class=\"cs-btn-text\">RESERVAR ARA<\/span>                    <\/a>\n                <\/div>\n                    <\/div>\t\t\t\t<\/div>\n\t\t\t\t<\/div>\n\t\t\t\t<\/div>\n\t\t<div class=\"elementor-element elementor-element-72248bc e-con-full elementor-hidden-mobile e-flex e-con e-child\" data-id=\"72248bc\" data-element_type=\"container\" data-e-type=\"container\">\n\t\t\t\t<div class=\"elementor-element elementor-element-4b0adad cs-animation-small-offset elementor-widget__width-initial elementor-widget-mobile__width-inherit elementor-invisible elementor-widget elementor-widget-image\" data-id=\"4b0adad\" data-element_type=\"widget\" data-e-type=\"widget\" data-settings=\"{&quot;_animation&quot;:&quot;fadeInUp&quot;,&quot;_animation_delay&quot;:150}\" data-widget_type=\"image.default\">\n\t\t\t\t\t\t\t\t\t\t\t\t\t\t\t<img fetchpriority=\"high\" decoding=\"async\" width=\"600\" height=\"800\" src=\"https:\/\/hotelbernatcalella.com\/wp-content\/uploads\/2025\/08\/P1056960-600x800.webp\" class=\"attachment-cozystay_600x9999 size-cozystay_600x9999 wp-image-18400\" alt=\"Un c\u00f2ctel tropical a la vora de la piscina de l&#039;Hotel Bernat II a Calella, Barcelona\" srcset=\"https:\/\/hotelbernatcalella.com\/wp-content\/uploads\/2025\/08\/P1056960-600x800.webp 600w, https:\/\/hotelbernatcalella.com\/wp-content\/uploads\/2025\/08\/P1056960-225x300.webp 225w, https:\/\/hotelbernatcalella.com\/wp-content\/uploads\/2025\/08\/P1056960-768x1024.webp 768w, https:\/\/hotelbernatcalella.com\/wp-content\/uploads\/2025\/08\/P1056960-1152x1536.webp 1152w, https:\/\/hotelbernatcalella.com\/wp-content\/uploads\/2025\/08\/P1056960-1536x2048.webp 1536w, https:\/\/hotelbernatcalella.com\/wp-content\/uploads\/2025\/08\/P1056960-scaled.webp 1920w, https:\/\/hotelbernatcalella.com\/wp-content\/uploads\/2025\/08\/P1056960-1440x1920.webp 1440w, https:\/\/hotelbernatcalella.com\/wp-content\/uploads\/2025\/08\/P1056960-1200x1600.webp 1200w, https:\/\/hotelbernatcalella.com\/wp-content\/uploads\/2025\/08\/P1056960-780x1040.webp 780w, https:\/\/hotelbernatcalella.com\/wp-content\/uploads\/2025\/08\/P1056960-550x733.webp 550w, https:\/\/hotelbernatcalella.com\/wp-content\/uploads\/2025\/08\/P1056960-370x493.webp 370w, https:\/\/hotelbernatcalella.com\/wp-content\/uploads\/2025\/08\/P1056960-255x340.webp 255w\" sizes=\"(max-width: 600px) 100vw, 600px\" \/>\t\t\t\t\t\t\t\t\t\t\t\t\t\t\t<\/div>\n\t\t\t\t<\/div>\n\t\t<div class=\"elementor-element elementor-element-a82e916 e-con-full elementor-hidden-mobile e-flex e-con e-child\" data-id=\"a82e916\" data-element_type=\"container\" data-e-type=\"container\">\n\t\t\t\t<div class=\"elementor-element elementor-element-991ddad cs-animation-medium-offset elementor-widget__width-initial elementor-invisible elementor-widget elementor-widget-image\" data-id=\"991ddad\" data-element_type=\"widget\" data-e-type=\"widget\" data-settings=\"{&quot;_animation&quot;:&quot;fadeInUp&quot;,&quot;_animation_delay&quot;:300}\" data-widget_type=\"image.default\">\n\t\t\t\t\t\t\t\t\t\t\t\t\t\t\t<img decoding=\"async\" src=\"https:\/\/www.hotelbernatcalella.com\/wp-content\/uploads\/2025\/06\/habitacion-hotel-bernat.webp\" title=\"\" alt=\"habitacion hotel bernat\" loading=\"lazy\" \/>\t\t\t\t\t\t\t\t\t\t\t\t\t\t\t<\/div>\n\t\t\t\t<\/div>\n\t\t\t\t\t<\/div>\n\t\t\t\t<\/div>\n\t\t<div class=\"elementor-element elementor-element-ca34508 cs-section-content-fullwidth e-con-full e-flex e-con e-parent\" data-id=\"ca34508\" data-element_type=\"container\" data-e-type=\"container\" data-settings=\"{&quot;background_background&quot;:&quot;classic&quot;,&quot;shape_divider_top&quot;:&quot;waves&quot;}\">\n\t\t\t\t<div class=\"elementor-shape elementor-shape-top\" aria-hidden=\"true\" data-negative=\"false\">\n\t\t\t<svg xmlns=\"http:\/\/www.w3.org\/2000\/svg\" viewBox=\"0 0 1000 100\" preserveAspectRatio=\"none\">\n\t<path class=\"elementor-shape-fill\" d=\"M421.9,6.5c22.6-2.5,51.5,0.4,75.5,5.3c23.6,4.9,70.9,23.5,100.5,35.7c75.8,32.2,133.7,44.5,192.6,49.7\n\tc23.6,2.1,48.7,3.5,103.4-2.5c54.7-6,106.2-25.6,106.2-25.6V0H0v30.3c0,0,72,32.6,158.4,30.5c39.2-0.7,92.8-6.7,134-22.4\n\tc21.2-8.1,52.2-18.2,79.7-24.2C399.3,7.9,411.6,7.5,421.9,6.5z\"\/>\n<\/svg>\t\t<\/div>\n\t\t\t\t<div class=\"elementor-element elementor-element-44f4e1e elementor-widget__width-inherit elementor-widget elementor-widget-cs_title\" data-id=\"44f4e1e\" data-element_type=\"widget\" data-e-type=\"widget\" data-widget_type=\"cs_title.default\">\n\t\t\t\t<div class=\"elementor-widget-container\">\n\t\t\t\t\t\n        <div class=\"cs-title-wrap text-center\">\t            <div class=\"cs-subtitle-wrap\"><span class=\"cs-subtitle color-white\">DESCOBREIX EL NOSTRE<\/span><\/div>\t            <h3 class=\"cs-title color-white\">\n\t                Hotel familiar a Calella\t            <\/h3>\t            <div class=\"cs-title-text color-white\">\n\t                <p>Al nostre hotel a Calella trobar\u00e0s tot el que necessites per a una experi\u00e8ncia inoblidable.<\/p>\t            <\/div>        <\/div>\t\t\t\t<\/div>\n\t\t\t\t<\/div>\n\t\t\t\t<\/div>\n\t\t<div class=\"elementor-element elementor-element-6afd053 e-flex e-con-boxed e-con e-parent\" data-id=\"6afd053\" data-element_type=\"container\" data-e-type=\"container\">\n\t\t\t\t\t<div class=\"e-con-inner\">\n\t\t\t\t<div class=\"elementor-element elementor-element-72bded6 cs-animation-small-offset elementor-invisible elementor-widget elementor-widget-cs_fancy_card\" data-id=\"72bded6\" data-element_type=\"widget\" data-e-type=\"widget\" data-settings=\"{&quot;_animation&quot;:&quot;fadeInDown&quot;,&quot;_animation_delay&quot;:200}\" data-widget_type=\"cs_fancy_card.default\">\n\t\t\t\t<div class=\"elementor-widget-container\">\n\t\t\t\t\t\n\t\t<div class=\"cs-fancy-card style-2 text-center cs-hover-img-zoom\">\n            <div class=\"cs-fc-wrap\">\t                <a class=\"cs-fc-link\" href=\"https:\/\/hotelbernatcalella.com\/ca\/habitacions\/\" aria-label=\"Fancy Card Link\"><\/a>\t               \t<div class=\"cs-fc-img\">\n\t                    <img decoding=\"async\" width=\"651\" height=\"976\" src=\"https:\/\/hotelbernatcalella.com\/wp-content\/uploads\/2025\/06\/habitaciones.webp\" class=\"attachment-cozystay_780x9999 size-cozystay_780x9999 wp-image-14085\" alt=\"habitaciones hotel bernat\" srcset=\"https:\/\/hotelbernatcalella.com\/wp-content\/uploads\/2025\/06\/habitaciones.webp 651w, https:\/\/hotelbernatcalella.com\/wp-content\/uploads\/2025\/06\/habitaciones-200x300.webp 200w, https:\/\/hotelbernatcalella.com\/wp-content\/uploads\/2025\/06\/habitaciones-600x900.webp 600w, https:\/\/hotelbernatcalella.com\/wp-content\/uploads\/2025\/06\/habitaciones-550x825.webp 550w, https:\/\/hotelbernatcalella.com\/wp-content\/uploads\/2025\/06\/habitaciones-370x555.webp 370w, https:\/\/hotelbernatcalella.com\/wp-content\/uploads\/2025\/06\/habitaciones-255x382.webp 255w\" sizes=\"(max-width: 651px) 100vw, 651px\" \/>\t                <\/div>\n                <div class=\"cs-fc-content\">\t\t\t            <h6 class=\"cs-fc-title cs-title color-white\">\n\t\t\t                Habitacions\t\t\t            <\/h6>\t\t\t\t<\/div>\n            <\/div>\n        <\/div>\t\t\t\t<\/div>\n\t\t\t\t<\/div>\n\t\t\t\t<div class=\"elementor-element elementor-element-da7f9ba cs-animation-small-offset elementor-invisible elementor-widget elementor-widget-cs_fancy_card\" data-id=\"da7f9ba\" data-element_type=\"widget\" data-e-type=\"widget\" data-settings=\"{&quot;_animation&quot;:&quot;fadeInDown&quot;,&quot;_animation_delay&quot;:200}\" data-widget_type=\"cs_fancy_card.default\">\n\t\t\t\t<div class=\"elementor-widget-container\">\n\t\t\t\t\t\n\t\t<div class=\"cs-fancy-card style-2 text-center cs-hover-img-zoom\">\n            <div class=\"cs-fc-wrap\">\t                <a class=\"cs-fc-link\" href=\"https:\/\/hotelbernatcalella.com\/spa-calella\/\" aria-label=\"Fancy Card Link\"><\/a>\t               \t<div class=\"cs-fc-img\">\n\t                    <img decoding=\"async\" width=\"651\" height=\"976\" src=\"https:\/\/hotelbernatcalella.com\/wp-content\/uploads\/2025\/06\/hotel-calella-spa.webp\" class=\"attachment-cozystay_780x9999 size-cozystay_780x9999 wp-image-14092\" alt=\"hotel en calella con spa\" srcset=\"https:\/\/hotelbernatcalella.com\/wp-content\/uploads\/2025\/06\/hotel-calella-spa.webp 651w, https:\/\/hotelbernatcalella.com\/wp-content\/uploads\/2025\/06\/hotel-calella-spa-200x300.webp 200w, https:\/\/hotelbernatcalella.com\/wp-content\/uploads\/2025\/06\/hotel-calella-spa-600x900.webp 600w, https:\/\/hotelbernatcalella.com\/wp-content\/uploads\/2025\/06\/hotel-calella-spa-550x825.webp 550w, https:\/\/hotelbernatcalella.com\/wp-content\/uploads\/2025\/06\/hotel-calella-spa-370x555.webp 370w, https:\/\/hotelbernatcalella.com\/wp-content\/uploads\/2025\/06\/hotel-calella-spa-255x382.webp 255w\" sizes=\"(max-width: 651px) 100vw, 651px\" \/>\t                <\/div>\n                <div class=\"cs-fc-content\">\t\t\t            <h6 class=\"cs-fc-title cs-title color-white\">\n\t\t\t                Spa a Calella\t\t\t            <\/h6>\t\t\t\t<\/div>\n            <\/div>\n        <\/div>\t\t\t\t<\/div>\n\t\t\t\t<\/div>\n\t\t\t\t<div class=\"elementor-element elementor-element-5a40b8a cs-animation-small-offset elementor-invisible elementor-widget elementor-widget-cs_fancy_card\" data-id=\"5a40b8a\" data-element_type=\"widget\" data-e-type=\"widget\" data-settings=\"{&quot;_animation&quot;:&quot;fadeInDown&quot;,&quot;_animation_delay&quot;:200}\" data-widget_type=\"cs_fancy_card.default\">\n\t\t\t\t<div class=\"elementor-widget-container\">\n\t\t\t\t\t\n\t\t<div class=\"cs-fancy-card style-2 text-center cs-hover-img-zoom\">\n            <div class=\"cs-fc-wrap\">\t                <a class=\"cs-fc-link\" href=\"https:\/\/hotelbernatcalella.com\/restaurante-calella\/\" aria-label=\"Fancy Card Link\"><\/a>\t               \t<div class=\"cs-fc-img\">\n\t                    <img loading=\"lazy\" decoding=\"async\" width=\"651\" height=\"976\" src=\"https:\/\/hotelbernatcalella.com\/wp-content\/uploads\/2025\/06\/hotel-restaurante-calella.webp\" class=\"attachment-cozystay_780x9999 size-cozystay_780x9999 wp-image-14099\" alt=\"hotel restaurante calella\" srcset=\"https:\/\/hotelbernatcalella.com\/wp-content\/uploads\/2025\/06\/hotel-restaurante-calella.webp 651w, https:\/\/hotelbernatcalella.com\/wp-content\/uploads\/2025\/06\/hotel-restaurante-calella-200x300.webp 200w, https:\/\/hotelbernatcalella.com\/wp-content\/uploads\/2025\/06\/hotel-restaurante-calella-600x900.webp 600w, https:\/\/hotelbernatcalella.com\/wp-content\/uploads\/2025\/06\/hotel-restaurante-calella-550x825.webp 550w, https:\/\/hotelbernatcalella.com\/wp-content\/uploads\/2025\/06\/hotel-restaurante-calella-370x555.webp 370w, https:\/\/hotelbernatcalella.com\/wp-content\/uploads\/2025\/06\/hotel-restaurante-calella-255x382.webp 255w\" sizes=\"(max-width: 651px) 100vw, 651px\" \/>\t                <\/div>\n                <div class=\"cs-fc-content\">\t\t\t            <h6 class=\"cs-fc-title cs-title color-white\">\n\t\t\t                Restaurant a Calella\t\t\t            <\/h6>\t\t\t\t<\/div>\n            <\/div>\n        <\/div>\t\t\t\t<\/div>\n\t\t\t\t<\/div>\n\t\t\t\t\t<\/div>\n\t\t\t\t<\/div>\n\t\t<div class=\"elementor-element elementor-element-63fde0c e-flex e-con-boxed e-con e-parent\" data-id=\"63fde0c\" data-element_type=\"container\" data-e-type=\"container\">\n\t\t\t\t\t<div class=\"e-con-inner\">\n\t\t\t\t<div class=\"elementor-element elementor-element-51b99322 elementor-widget elementor-widget-cs_title\" data-id=\"51b99322\" data-element_type=\"widget\" data-e-type=\"widget\" data-widget_type=\"cs_title.default\">\n\t\t\t\t<div class=\"elementor-widget-container\">\n\t\t\t\t\t\n        <div class=\"cs-title-wrap text-center\">\t            <h3 class=\"cs-title\">\n\t                Ofertes\t            <\/h3>\t            <div class=\"cs-title-text\">\n\t                <p><span style=\"color: #000000;\"><a style=\"color: #000000;\" href=\"https:\/\/www.hotelbernatcalella.com\/ca\/ofertes\/\">Aprofita les nostres ofertes!<\/a><\/span><\/p>\t            <\/div>                <div class=\"cs-title-btn\">\n                    <a class=\"button elementor-button-link cs-btn-outline cs-btn-square\" role=\"button\" href=\"https:\/\/www.hotelbernatcalella.com\/ca\/ofertes\/\">\n                        <span class=\"cs-btn-text\">Veure totes les ofertes<\/span>                    <\/a>\n                <\/div>\n                    <\/div>\t\t\t\t<\/div>\n\t\t\t\t<\/div>\n\t\t\t\t<div class=\"elementor-element elementor-element-1acfe99 elementor-pagination-type-bullets elementor-arrows-position-inside elementor-pagination-position-outside elementor-widget elementor-widget-n-carousel\" data-id=\"1acfe99\" data-element_type=\"widget\" data-e-type=\"widget\" data-settings=\"{&quot;carousel_items&quot;:[{&quot;slide_title&quot;:&quot;Larga estancia&quot;,&quot;_id&quot;:&quot;daf7e0b&quot;},{&quot;slide_title&quot;:&quot;Estrella&quot;,&quot;_id&quot;:&quot;645d2b2&quot;},{&quot;slide_title&quot;:&quot;Noches Gratis&quot;,&quot;_id&quot;:&quot;1352650&quot;},{&quot;slide_title&quot;:&quot;Descuento m\\u00f3vil&quot;,&quot;_id&quot;:&quot;109ace7&quot;},{&quot;slide_title&quot;:&quot;Descuento familia monoparental&quot;,&quot;_id&quot;:&quot;005a6ff&quot;},{&quot;slide_title&quot;:&quot;No reembolsable&quot;,&quot;_id&quot;:&quot;9f6f61b&quot;},{&quot;slide_title&quot;:&quot;Oferta ni\\u00f1os&quot;,&quot;_id&quot;:&quot;792547e&quot;},{&quot;slide_title&quot;:&quot;Descuento cliente&quot;,&quot;_id&quot;:&quot;a08b139&quot;}],&quot;slides_to_show&quot;:&quot;3&quot;,&quot;image_spacing_custom&quot;:{&quot;unit&quot;:&quot;px&quot;,&quot;size&quot;:25,&quot;sizes&quot;:[]},&quot;slides_to_show_tablet&quot;:&quot;2&quot;,&quot;slides_to_show_mobile&quot;:&quot;1&quot;,&quot;autoplay&quot;:&quot;yes&quot;,&quot;autoplay_speed&quot;:5000,&quot;pause_on_hover&quot;:&quot;yes&quot;,&quot;pause_on_interaction&quot;:&quot;yes&quot;,&quot;infinite&quot;:&quot;yes&quot;,&quot;speed&quot;:500,&quot;offset_sides&quot;:&quot;none&quot;,&quot;arrows&quot;:&quot;yes&quot;,&quot;pagination&quot;:&quot;bullets&quot;,&quot;image_spacing_custom_tablet&quot;:{&quot;unit&quot;:&quot;px&quot;,&quot;size&quot;:&quot;&quot;,&quot;sizes&quot;:[]},&quot;image_spacing_custom_mobile&quot;:{&quot;unit&quot;:&quot;px&quot;,&quot;size&quot;:&quot;&quot;,&quot;sizes&quot;:[]}}\" data-widget_type=\"nested-carousel.default\">\n\t\t\t\t\t\t\t<div class=\"e-n-carousel swiper\" role=\"region\" aria-roledescription=\"carousel\" aria-label=\"Carousel\" dir=\"ltr\">\n\t\t\t<div class=\"swiper-wrapper\" aria-live=\"off\">\n\t\t\t\t\t\t\t\t\t\t<div class=\"swiper-slide\" data-slide=\"1\" role=\"group\" aria-roledescription=\"slide\" aria-label=\"1 of 8\">\n\t\t\t\t\t\t\t<div class=\"elementor-element elementor-element-1ec5dad e-flex e-con-boxed e-con e-child\" data-id=\"1ec5dad\" data-element_type=\"container\" data-e-type=\"container\">\n\t\t\t\t\t<div class=\"e-con-inner\">\n\t\t\t\t<div class=\"elementor-element elementor-element-b79c383 elementor-widget elementor-widget-cs_call_to_action\" data-id=\"b79c383\" data-element_type=\"widget\" data-e-type=\"widget\" data-widget_type=\"cs_call_to_action.default\">\n\t\t\t\t<div class=\"elementor-widget-container\">\n\t\t\t\t\t\n\t\t<div class=\"cs-cta cta-layout-text-normal text-left cta-hover-img-zoom\">\n            <div class=\"cs-cta-wrap\">\t\t                <div class=\"cs-cta-img-wrap\">\n\t\t\t\t\t        <div class=\"cs-cta-img\">\n\t\t\t\t\t            <img loading=\"lazy\" decoding=\"async\" width=\"600\" height=\"600\" src=\"https:\/\/hotelbernatcalella.com\/wp-content\/uploads\/2025\/06\/spa-en-calella-barcelona-600x600.webp\" class=\"attachment-cozystay_600x600-crop size-cozystay_600x600-crop wp-image-15151\" alt=\"spa en calella barcelona\" srcset=\"https:\/\/hotelbernatcalella.com\/wp-content\/uploads\/2025\/06\/spa-en-calella-barcelona-600x600.webp 600w, https:\/\/hotelbernatcalella.com\/wp-content\/uploads\/2025\/06\/spa-en-calella-barcelona-150x150.webp 150w, https:\/\/hotelbernatcalella.com\/wp-content\/uploads\/2025\/06\/spa-en-calella-barcelona-300x300.webp 300w\" sizes=\"(max-width: 600px) 100vw, 600px\" \/>\t\t\t\t\t        <\/div>\n\t\t\t\t\t        <div class=\"cs-offset-border\"><\/div>\n\t\t\t\t\t\t<\/div>                <div class=\"cs-cta-overlay\"><\/div>\n                <div class=\"cs-cta-content\">\t\t            <h3 class=\"cs-cta-title cs-title\">\n\t\t                Oferta Llarga Estada\t\t            <\/h3>\t\t            <div class=\"cs-cta-text\">\n\t\t                <p>Reserva en dates seleccionades i estalvia un 25% de la nit ofertada. <\/p>\t\t            <\/div>\t                <div class=\"cs-cta-btn\">\n\t                    <a class=\"button cs-btn-underline\" role=\"button\" href=\"https:\/\/www.hotelbernatcalella.com\/ca\/ofertes\/?method=details&#038;offerId=23\" aria-label=\"Oferta Larga Estancia\">\n\t                        <span class=\"cs-btn-text\">Descobreix m\u00e9s<\/span>\t                    <\/a>\n\t                <\/div>\t\t\t<\/div>                <a class=\"cs-cta-link\" href=\"https:\/\/www.hotelbernatcalella.com\/ca\/ofertes\/?method=details&#038;offerId=23\" aria-label=\"Oferta Larga Estancia\" aria-label=\"Call to Action Link\"><\/a>            <\/div>\n        <\/div>\t\t\t\t<\/div>\n\t\t\t\t<\/div>\n\t\t\t\t\t<\/div>\n\t\t\t\t<\/div>\n\t\t\t\t\t\t\t\t<\/div>\n\t\t\t\t\t\t\t\t\t\t\t<div class=\"swiper-slide\" data-slide=\"2\" role=\"group\" aria-roledescription=\"slide\" aria-label=\"2 of 8\">\n\t\t\t\t\t\t\t<div class=\"elementor-element elementor-element-0c3dae7 e-flex e-con-boxed e-con e-child\" data-id=\"0c3dae7\" data-element_type=\"container\" data-e-type=\"container\">\n\t\t\t\t\t<div class=\"e-con-inner\">\n\t\t\t\t<div class=\"elementor-element elementor-element-b258420 elementor-widget elementor-widget-cs_call_to_action\" data-id=\"b258420\" data-element_type=\"widget\" data-e-type=\"widget\" data-widget_type=\"cs_call_to_action.default\">\n\t\t\t\t<div class=\"elementor-widget-container\">\n\t\t\t\t\t\n\t\t<div class=\"cs-cta cta-layout-text-normal text-left cta-hover-img-zoom\">\n            <div class=\"cs-cta-wrap\">\t\t                <div class=\"cs-cta-img-wrap\">\n\t\t\t\t\t        <div class=\"cs-cta-img\">\n\t\t\t\t\t            <img loading=\"lazy\" decoding=\"async\" width=\"600\" height=\"600\" src=\"https:\/\/hotelbernatcalella.com\/wp-content\/uploads\/2025\/06\/vista-piscina-habitacion-600x600.webp\" class=\"attachment-cozystay_600x600-crop size-cozystay_600x600-crop wp-image-15605\" alt=\"habitacion con vista piscina\" srcset=\"https:\/\/hotelbernatcalella.com\/wp-content\/uploads\/2025\/06\/vista-piscina-habitacion-600x600.webp 600w, https:\/\/hotelbernatcalella.com\/wp-content\/uploads\/2025\/06\/vista-piscina-habitacion-150x150.webp 150w, https:\/\/hotelbernatcalella.com\/wp-content\/uploads\/2025\/06\/vista-piscina-habitacion-300x300.webp 300w\" sizes=\"(max-width: 600px) 100vw, 600px\" \/>\t\t\t\t\t        <\/div>\n\t\t\t\t\t        <div class=\"cs-offset-border\"><\/div>\n\t\t\t\t\t\t<\/div>                <div class=\"cs-cta-overlay\"><\/div>\n                <div class=\"cs-cta-content\">\t\t            <h3 class=\"cs-cta-title cs-title\">\n\t\t                Oferta Estrella\t\t            <\/h3>\t\t            <div class=\"cs-cta-text\">\n\t\t                <p>Reserva en dates seleccionades i estalvia un 25% de la nit ofertada.<\/p>\t\t            <\/div>\t                <div class=\"cs-cta-btn\">\n\t                    <a class=\"button cs-btn-underline\" role=\"button\" href=\"https:\/\/hotelbernatcalella.com\/ca\/ofertes\/?method=details&#038;offerId=113\" aria-label=\"Oferta Estrella\">\n\t                        <span class=\"cs-btn-text\">Descobreix m\u00e9s<\/span>\t                    <\/a>\n\t                <\/div>\t\t\t<\/div>                <a class=\"cs-cta-link\" href=\"https:\/\/hotelbernatcalella.com\/ca\/ofertes\/?method=details&#038;offerId=113\" aria-label=\"Oferta Estrella\" aria-label=\"Call to Action Link\"><\/a>            <\/div>\n        <\/div>\t\t\t\t<\/div>\n\t\t\t\t<\/div>\n\t\t\t\t\t<\/div>\n\t\t\t\t<\/div>\n\t\t\t\t\t\t\t\t<\/div>\n\t\t\t\t\t\t\t\t\t\t\t<div class=\"swiper-slide\" data-slide=\"3\" role=\"group\" aria-roledescription=\"slide\" aria-label=\"3 of 8\">\n\t\t\t\t\t\t\t<div class=\"elementor-element elementor-element-41d72ba e-flex e-con-boxed e-con e-child\" data-id=\"41d72ba\" data-element_type=\"container\" data-e-type=\"container\">\n\t\t\t\t\t<div class=\"e-con-inner\">\n\t\t\t\t<div class=\"elementor-element elementor-element-79ef360 elementor-widget elementor-widget-cs_call_to_action\" data-id=\"79ef360\" data-element_type=\"widget\" data-e-type=\"widget\" data-widget_type=\"cs_call_to_action.default\">\n\t\t\t\t<div class=\"elementor-widget-container\">\n\t\t\t\t\t\n\t\t<div class=\"cs-cta cta-layout-text-normal text-left cta-hover-img-zoom\">\n            <div class=\"cs-cta-wrap\">\t\t                <div class=\"cs-cta-img-wrap\">\n\t\t\t\t\t        <div class=\"cs-cta-img\">\n\t\t\t\t\t            <img loading=\"lazy\" decoding=\"async\" width=\"600\" height=\"600\" src=\"https:\/\/hotelbernatcalella.com\/wp-content\/uploads\/2025\/06\/habitacion-premium-2-600x600.webp\" class=\"attachment-cozystay_600x600-crop size-cozystay_600x600-crop wp-image-15584\" alt=\"habitacion premium calella\" srcset=\"https:\/\/hotelbernatcalella.com\/wp-content\/uploads\/2025\/06\/habitacion-premium-2-600x600.webp 600w, https:\/\/hotelbernatcalella.com\/wp-content\/uploads\/2025\/06\/habitacion-premium-2-300x300.webp 300w, https:\/\/hotelbernatcalella.com\/wp-content\/uploads\/2025\/06\/habitacion-premium-2-1024x1024.webp 1024w, https:\/\/hotelbernatcalella.com\/wp-content\/uploads\/2025\/06\/habitacion-premium-2-150x150.webp 150w, https:\/\/hotelbernatcalella.com\/wp-content\/uploads\/2025\/06\/habitacion-premium-2-768x768.webp 768w, https:\/\/hotelbernatcalella.com\/wp-content\/uploads\/2025\/06\/habitacion-premium-2-780x780.webp 780w, https:\/\/hotelbernatcalella.com\/wp-content\/uploads\/2025\/06\/habitacion-premium-2-550x550.webp 550w, https:\/\/hotelbernatcalella.com\/wp-content\/uploads\/2025\/06\/habitacion-premium-2-370x370.webp 370w, https:\/\/hotelbernatcalella.com\/wp-content\/uploads\/2025\/06\/habitacion-premium-2-255x255.webp 255w, https:\/\/hotelbernatcalella.com\/wp-content\/uploads\/2025\/06\/habitacion-premium-2.webp 1080w\" sizes=\"(max-width: 600px) 100vw, 600px\" \/>\t\t\t\t\t        <\/div>\n\t\t\t\t\t        <div class=\"cs-offset-border\"><\/div>\n\t\t\t\t\t\t<\/div>                <div class=\"cs-cta-overlay\"><\/div>\n                <div class=\"cs-cta-content\">\t\t            <h3 class=\"cs-cta-title cs-title\">\n\t\t                Oferta Nits Gratis\t\t            <\/h3>\t\t            <div class=\"cs-cta-text\">\n\t\t                <p>Tres nits amb nosaltres, i la quarta va de regal! T\u2019hi apuntes? <\/p>\t\t            <\/div>\t                <div class=\"cs-cta-btn\">\n\t                    <a class=\"button cs-btn-underline\" role=\"button\" href=\"https:\/\/hotelbernatcalella.com\/ca\/ofertes\/?method=details&#038;offerId=216\" aria-label=\"Oferta Noches Gratis\">\n\t                        <span class=\"cs-btn-text\">Descobreix m\u00e9s<\/span>\t                    <\/a>\n\t                <\/div>\t\t\t<\/div>                <a class=\"cs-cta-link\" href=\"https:\/\/hotelbernatcalella.com\/ca\/ofertes\/?method=details&#038;offerId=216\" aria-label=\"Oferta Noches Gratis\" aria-label=\"Call to Action Link\"><\/a>            <\/div>\n        <\/div>\t\t\t\t<\/div>\n\t\t\t\t<\/div>\n\t\t\t\t\t<\/div>\n\t\t\t\t<\/div>\n\t\t\t\t\t\t\t\t<\/div>\n\t\t\t\t\t\t\t\t\t\t\t<div class=\"swiper-slide\" data-slide=\"4\" role=\"group\" aria-roledescription=\"slide\" aria-label=\"4 of 8\">\n\t\t\t\t\t\t\t<div class=\"elementor-element elementor-element-23911a2 e-flex e-con-boxed e-con e-child\" data-id=\"23911a2\" data-element_type=\"container\" data-e-type=\"container\">\n\t\t\t\t\t<div class=\"e-con-inner\">\n\t\t\t\t<div class=\"elementor-element elementor-element-16a18ff elementor-widget elementor-widget-cs_call_to_action\" data-id=\"16a18ff\" data-element_type=\"widget\" data-e-type=\"widget\" data-widget_type=\"cs_call_to_action.default\">\n\t\t\t\t<div class=\"elementor-widget-container\">\n\t\t\t\t\t\n\t\t<div class=\"cs-cta cta-layout-text-normal text-left cta-hover-img-zoom\">\n            <div class=\"cs-cta-wrap\">\t\t                <div class=\"cs-cta-img-wrap\">\n\t\t\t\t\t        <div class=\"cs-cta-img\">\n\t\t\t\t\t            <img loading=\"lazy\" decoding=\"async\" width=\"600\" height=\"600\" src=\"https:\/\/hotelbernatcalella.com\/wp-content\/uploads\/2025\/06\/hotel-calella-costa-600x600.webp\" class=\"attachment-cozystay_600x600-crop size-cozystay_600x600-crop wp-image-15001\" alt=\"hotel calella costa\" srcset=\"https:\/\/hotelbernatcalella.com\/wp-content\/uploads\/2025\/06\/hotel-calella-costa-600x600.webp 600w, https:\/\/hotelbernatcalella.com\/wp-content\/uploads\/2025\/06\/hotel-calella-costa-150x150.webp 150w, https:\/\/hotelbernatcalella.com\/wp-content\/uploads\/2025\/06\/hotel-calella-costa-300x300.webp 300w\" sizes=\"(max-width: 600px) 100vw, 600px\" \/>\t\t\t\t\t        <\/div>\n\t\t\t\t\t        <div class=\"cs-offset-border\"><\/div>\n\t\t\t\t\t\t<\/div>                <div class=\"cs-cta-overlay\"><\/div>\n                <div class=\"cs-cta-content\">\t\t            <h3 class=\"cs-cta-title cs-title\">\n\t\t                Oferta M\u00f2bil\t\t            <\/h3>\t\t            <div class=\"cs-cta-text\">\n\t\t                <p>Fes la teva reserva des del m\u00f2bil i gaudeix d\u2019un 5% de descompte! R\u00e0pid, f\u00e0cil i amb un preu especial. <\/p>\t\t            <\/div>\t                <div class=\"cs-cta-btn\">\n\t                    <a class=\"button cs-btn-underline\" role=\"button\" href=\"https:\/\/hotelbernatcalella.com\/ca\/ofertes\/?method=details&#038;offerId=785\" aria-label=\"Oferta Movil\">\n\t                        <span class=\"cs-btn-text\">Descobreix m\u00e9s<\/span>\t                    <\/a>\n\t                <\/div>\t\t\t<\/div>                <a class=\"cs-cta-link\" href=\"https:\/\/hotelbernatcalella.com\/ca\/ofertes\/?method=details&#038;offerId=785\" aria-label=\"Oferta Movil\" aria-label=\"Call to Action Link\"><\/a>            <\/div>\n        <\/div>\t\t\t\t<\/div>\n\t\t\t\t<\/div>\n\t\t\t\t\t<\/div>\n\t\t\t\t<\/div>\n\t\t\t\t\t\t\t\t<\/div>\n\t\t\t\t\t\t\t\t\t\t\t<div class=\"swiper-slide\" data-slide=\"5\" role=\"group\" aria-roledescription=\"slide\" aria-label=\"5 of 8\">\n\t\t\t\t\t\t\t<div class=\"elementor-element elementor-element-0e4cc4f e-flex e-con-boxed e-con e-child\" data-id=\"0e4cc4f\" data-element_type=\"container\" data-e-type=\"container\">\n\t\t\t\t\t<div class=\"e-con-inner\">\n\t\t\t\t<div class=\"elementor-element elementor-element-9bdffe3 elementor-widget elementor-widget-cs_call_to_action\" data-id=\"9bdffe3\" data-element_type=\"widget\" data-e-type=\"widget\" data-widget_type=\"cs_call_to_action.default\">\n\t\t\t\t<div class=\"elementor-widget-container\">\n\t\t\t\t\t\n\t\t<div class=\"cs-cta cta-layout-text-normal text-left cta-hover-img-zoom\">\n            <div class=\"cs-cta-wrap\">\t\t                <div class=\"cs-cta-img-wrap\">\n\t\t\t\t\t        <div class=\"cs-cta-img\">\n\t\t\t\t\t            <img loading=\"lazy\" decoding=\"async\" width=\"600\" height=\"600\" src=\"https:\/\/hotelbernatcalella.com\/wp-content\/uploads\/2025\/06\/vacaciones-familia-calella-600x600.webp\" class=\"attachment-cozystay_600x600-crop size-cozystay_600x600-crop wp-image-14953\" alt=\"vacaciones familia calella\" srcset=\"https:\/\/hotelbernatcalella.com\/wp-content\/uploads\/2025\/06\/vacaciones-familia-calella-600x600.webp 600w, https:\/\/hotelbernatcalella.com\/wp-content\/uploads\/2025\/06\/vacaciones-familia-calella-150x150.webp 150w, https:\/\/hotelbernatcalella.com\/wp-content\/uploads\/2025\/06\/vacaciones-familia-calella-300x300.webp 300w\" sizes=\"(max-width: 600px) 100vw, 600px\" \/>\t\t\t\t\t        <\/div>\n\t\t\t\t\t        <div class=\"cs-offset-border\"><\/div>\n\t\t\t\t\t\t<\/div>                <div class=\"cs-cta-overlay\"><\/div>\n                <div class=\"cs-cta-content\">\t\t            <h3 class=\"cs-cta-title cs-title\">\n\t\t                Oferta Monoparental\t\t            <\/h3>\t\t            <div class=\"cs-cta-text\">\n\t\t                <p>Un adult i un o dos petits exploradors? Fins a un 70% de descompte per a infants de fins a 16 anys.. <\/p>\t\t            <\/div>\t                <div class=\"cs-cta-btn\">\n\t                    <a class=\"button cs-btn-underline\" role=\"button\" href=\"https:\/\/www.hotelbernatcalella.com\/ca\/ofertes\/?method=details&#038;offerId=917\" aria-label=\"Oferta Monoparental\">\n\t                        <span class=\"cs-btn-text\">Descobreix m\u00e9s<\/span>\t                    <\/a>\n\t                <\/div>\t\t\t<\/div>                <a class=\"cs-cta-link\" href=\"https:\/\/www.hotelbernatcalella.com\/ca\/ofertes\/?method=details&#038;offerId=917\" aria-label=\"Oferta Monoparental\" aria-label=\"Call to Action Link\"><\/a>            <\/div>\n        <\/div>\t\t\t\t<\/div>\n\t\t\t\t<\/div>\n\t\t\t\t\t<\/div>\n\t\t\t\t<\/div>\n\t\t\t\t\t\t\t\t<\/div>\n\t\t\t\t\t\t\t\t\t\t\t<div class=\"swiper-slide\" data-slide=\"6\" role=\"group\" aria-roledescription=\"slide\" aria-label=\"6 of 8\">\n\t\t\t\t\t\t\t<div class=\"elementor-element elementor-element-1fda8c5 e-flex e-con-boxed e-con e-child\" data-id=\"1fda8c5\" data-element_type=\"container\" data-e-type=\"container\">\n\t\t\t\t\t<div class=\"e-con-inner\">\n\t\t\t\t<div class=\"elementor-element elementor-element-2aa961c elementor-widget elementor-widget-cs_call_to_action\" data-id=\"2aa961c\" data-element_type=\"widget\" data-e-type=\"widget\" data-widget_type=\"cs_call_to_action.default\">\n\t\t\t\t<div class=\"elementor-widget-container\">\n\t\t\t\t\t\n\t\t<div class=\"cs-cta cta-layout-text-normal text-left cta-hover-img-zoom\">\n            <div class=\"cs-cta-wrap\">\t\t                <div class=\"cs-cta-img-wrap\">\n\t\t\t\t\t        <div class=\"cs-cta-img\">\n\t\t\t\t\t            <img loading=\"lazy\" decoding=\"async\" width=\"600\" height=\"600\" src=\"https:\/\/hotelbernatcalella.com\/wp-content\/uploads\/2025\/06\/opiniones-hotel-bernat-600x600.webp\" class=\"attachment-cozystay_600x600-crop size-cozystay_600x600-crop wp-image-14984\" alt=\"opiniones hotel bernat\" srcset=\"https:\/\/hotelbernatcalella.com\/wp-content\/uploads\/2025\/06\/opiniones-hotel-bernat-600x600.webp 600w, https:\/\/hotelbernatcalella.com\/wp-content\/uploads\/2025\/06\/opiniones-hotel-bernat-150x150.webp 150w, https:\/\/hotelbernatcalella.com\/wp-content\/uploads\/2025\/06\/opiniones-hotel-bernat-300x300.webp 300w\" sizes=\"(max-width: 600px) 100vw, 600px\" \/>\t\t\t\t\t        <\/div>\n\t\t\t\t\t        <div class=\"cs-offset-border\"><\/div>\n\t\t\t\t\t\t<\/div>                <div class=\"cs-cta-overlay\"><\/div>\n                <div class=\"cs-cta-content\">\t\t            <h3 class=\"cs-cta-title cs-title\">\n\t\t                Oferta No reemborsable\t\t            <\/h3>\t\t            <div class=\"cs-cta-text\">\n\t\t                <p>Reserva amb m\u00e9s de 30 dies d\u2019antelaci\u00f3 i gaudeix d\u2019un 15% de descompte! <\/p>\t\t            <\/div>\t                <div class=\"cs-cta-btn\">\n\t                    <a class=\"button cs-btn-underline\" role=\"button\" href=\"https:\/\/hotelbernatcalella.com\/ca\/ofertes\/?method=details&#038;offerId=918\" aria-label=\"Oferta No reembolsable\">\n\t                        <span class=\"cs-btn-text\">Descobreix m\u00e9s<\/span>\t                    <\/a>\n\t                <\/div>\t\t\t<\/div>                <a class=\"cs-cta-link\" href=\"https:\/\/hotelbernatcalella.com\/ca\/ofertes\/?method=details&#038;offerId=918\" aria-label=\"Oferta No reembolsable\" aria-label=\"Call to Action Link\"><\/a>            <\/div>\n        <\/div>\t\t\t\t<\/div>\n\t\t\t\t<\/div>\n\t\t\t\t\t<\/div>\n\t\t\t\t<\/div>\n\t\t\t\t\t\t\t\t<\/div>\n\t\t\t\t\t\t\t\t\t\t\t<div class=\"swiper-slide\" data-slide=\"7\" role=\"group\" aria-roledescription=\"slide\" aria-label=\"7 of 8\">\n\t\t\t\t\t\t\t<div class=\"elementor-element elementor-element-1540920 e-flex e-con-boxed e-con e-child\" data-id=\"1540920\" data-element_type=\"container\" data-e-type=\"container\">\n\t\t\t\t\t<div class=\"e-con-inner\">\n\t\t\t\t<div class=\"elementor-element elementor-element-8d63c5e elementor-widget elementor-widget-cs_call_to_action\" data-id=\"8d63c5e\" data-element_type=\"widget\" data-e-type=\"widget\" data-widget_type=\"cs_call_to_action.default\">\n\t\t\t\t<div class=\"elementor-widget-container\">\n\t\t\t\t\t\n\t\t<div class=\"cs-cta cta-layout-text-normal text-left cta-hover-img-zoom\">\n            <div class=\"cs-cta-wrap\">\t\t                <div class=\"cs-cta-img-wrap\">\n\t\t\t\t\t        <div class=\"cs-cta-img\">\n\t\t\t\t\t            <img loading=\"lazy\" decoding=\"async\" width=\"600\" height=\"600\" src=\"https:\/\/hotelbernatcalella.com\/wp-content\/uploads\/2025\/06\/miniclub-hotel-calella-600x600.webp\" class=\"attachment-cozystay_600x600-crop size-cozystay_600x600-crop wp-image-14960\" alt=\"miniclub hotel calella\" srcset=\"https:\/\/hotelbernatcalella.com\/wp-content\/uploads\/2025\/06\/miniclub-hotel-calella-600x600.webp 600w, https:\/\/hotelbernatcalella.com\/wp-content\/uploads\/2025\/06\/miniclub-hotel-calella-150x150.webp 150w, https:\/\/hotelbernatcalella.com\/wp-content\/uploads\/2025\/06\/miniclub-hotel-calella-300x300.webp 300w\" sizes=\"(max-width: 600px) 100vw, 600px\" \/>\t\t\t\t\t        <\/div>\n\t\t\t\t\t        <div class=\"cs-offset-border\"><\/div>\n\t\t\t\t\t\t<\/div>                <div class=\"cs-cta-overlay\"><\/div>\n                <div class=\"cs-cta-content\">\t\t            <h3 class=\"cs-cta-title cs-title\">\n\t\t                Oferta Nens\t\t            <\/h3>\t\t            <div class=\"cs-cta-text\">\n\t\t                <p>Per a reserves de 2 adults amb 1 o 2 infants fins a 16 anys, gaudeix de descomptes de fins al 95%.<\/p>\t\t            <\/div>\t                <div class=\"cs-cta-btn\">\n\t                    <a class=\"button cs-btn-underline\" role=\"button\" href=\"https:\/\/hotelbernatcalella.com\/ca\/ofertes\/?method=details&#038;offerId=919\" aria-label=\"Oferta Ni\u00f1os\">\n\t                        <span class=\"cs-btn-text\">Descobreix m\u00e9s<\/span>\t                    <\/a>\n\t                <\/div>\t\t\t<\/div>                <a class=\"cs-cta-link\" href=\"https:\/\/hotelbernatcalella.com\/ca\/ofertes\/?method=details&#038;offerId=919\" aria-label=\"Oferta Ni\u00f1os\" aria-label=\"Call to Action Link\"><\/a>            <\/div>\n        <\/div>\t\t\t\t<\/div>\n\t\t\t\t<\/div>\n\t\t\t\t\t<\/div>\n\t\t\t\t<\/div>\n\t\t\t\t\t\t\t\t<\/div>\n\t\t\t\t\t\t\t\t\t\t\t<div class=\"swiper-slide\" data-slide=\"8\" role=\"group\" aria-roledescription=\"slide\" aria-label=\"8 of 8\">\n\t\t\t\t\t\t\t<div class=\"elementor-element elementor-element-c7ff1cf e-flex e-con-boxed e-con e-child\" data-id=\"c7ff1cf\" data-element_type=\"container\" data-e-type=\"container\">\n\t\t\t\t\t<div class=\"e-con-inner\">\n\t\t\t\t<div class=\"elementor-element elementor-element-70d1c83 elementor-widget elementor-widget-cs_call_to_action\" data-id=\"70d1c83\" data-element_type=\"widget\" data-e-type=\"widget\" data-widget_type=\"cs_call_to_action.default\">\n\t\t\t\t<div class=\"elementor-widget-container\">\n\t\t\t\t\t\n\t\t<div class=\"cs-cta cta-layout-text-normal text-left cta-hover-img-zoom\">\n            <div class=\"cs-cta-wrap\">\t\t                <div class=\"cs-cta-img-wrap\">\n\t\t\t\t\t        <div class=\"cs-cta-img\">\n\t\t\t\t\t            <img loading=\"lazy\" decoding=\"async\" width=\"600\" height=\"600\" src=\"https:\/\/hotelbernatcalella.com\/wp-content\/uploads\/2025\/06\/hotel-hamacas-calella-600x600.webp\" class=\"attachment-cozystay_600x600-crop size-cozystay_600x600-crop wp-image-14557\" alt=\"hotel hamacas calella\" srcset=\"https:\/\/hotelbernatcalella.com\/wp-content\/uploads\/2025\/06\/hotel-hamacas-calella-600x600.webp 600w, https:\/\/hotelbernatcalella.com\/wp-content\/uploads\/2025\/06\/hotel-hamacas-calella-150x150.webp 150w, https:\/\/hotelbernatcalella.com\/wp-content\/uploads\/2025\/06\/hotel-hamacas-calella-300x300.webp 300w\" sizes=\"(max-width: 600px) 100vw, 600px\" \/>\t\t\t\t\t        <\/div>\n\t\t\t\t\t        <div class=\"cs-offset-border\"><\/div>\n\t\t\t\t\t\t<\/div>                <div class=\"cs-cta-overlay\"><\/div>\n                <div class=\"cs-cta-content\">\t\t            <h3 class=\"cs-cta-title cs-title\">\n\t\t                Oferta Client\t\t            <\/h3>\t\t            <div class=\"cs-cta-text\">\n\t\t                <p>Si ja has estat amb nosaltres, a partir de la segona estada gaudir\u00e0s d\u2019un 10% de descompte.<\/p>\t\t            <\/div>\t                <div class=\"cs-cta-btn\">\n\t                    <a class=\"button cs-btn-underline\" role=\"button\" href=\"https:\/\/hotelbernatcalella.com\/ca\/ofertes\/?method=details&#038;offerId=921\" aria-label=\"Oferta Cliente\">\n\t                        <span class=\"cs-btn-text\">Descobreix m\u00e9s<\/span>\t                    <\/a>\n\t                <\/div>\t\t\t<\/div>                <a class=\"cs-cta-link\" href=\"https:\/\/hotelbernatcalella.com\/ca\/ofertes\/?method=details&#038;offerId=921\" aria-label=\"Oferta Cliente\" aria-label=\"Call to Action Link\"><\/a>            <\/div>\n        <\/div>\t\t\t\t<\/div>\n\t\t\t\t<\/div>\n\t\t\t\t\t<\/div>\n\t\t\t\t<\/div>\n\t\t\t\t\t\t\t\t<\/div>\n\t\t\t\t\t\t\t\t<\/div>\n\t\t<\/div>\n\t\t\t\t\t<div class=\"elementor-swiper-button elementor-swiper-button-prev\" role=\"button\" tabindex=\"0\" aria-label=\"Previous\">\n\t\t\t\t<svg aria-hidden=\"true\" class=\"e-font-icon-svg e-eicon-chevron-left\" viewBox=\"0 0 1000 1000\" xmlns=\"http:\/\/www.w3.org\/2000\/svg\"><path d=\"M646 125C629 125 613 133 604 142L308 442C296 454 292 471 292 487 292 504 296 521 308 533L604 854C617 867 629 875 646 875 663 875 679 871 692 858 704 846 713 829 713 812 713 796 708 779 692 767L438 487 692 225C700 217 708 204 708 187 708 171 704 154 692 142 675 129 663 125 646 125Z\"><\/path><\/svg>\t\t\t<\/div>\n\t\t\t<div class=\"elementor-swiper-button elementor-swiper-button-next\" role=\"button\" tabindex=\"0\" aria-label=\"Next\">\n\t\t\t\t<svg aria-hidden=\"true\" class=\"e-font-icon-svg e-eicon-chevron-right\" viewBox=\"0 0 1000 1000\" xmlns=\"http:\/\/www.w3.org\/2000\/svg\"><path d=\"M696 533C708 521 713 504 713 487 713 471 708 454 696 446L400 146C388 133 375 125 354 125 338 125 325 129 313 142 300 154 292 171 292 187 292 204 296 221 308 233L563 492 304 771C292 783 288 800 288 817 288 833 296 850 308 863 321 871 338 875 354 875 371 875 388 867 400 854L696 533Z\"><\/path><\/svg>\t\t\t<\/div>\n\t\t\t\t\t<div class=\"swiper-pagination\"><\/div>\n\t\t\t\t\t\t<\/div>\n\t\t\t\t\t<\/div>\n\t\t\t\t<\/div>\n\t\t<div class=\"elementor-element elementor-element-224d6b8 e-flex e-con-boxed e-con e-parent\" data-id=\"224d6b8\" data-element_type=\"container\" data-e-type=\"container\">\n\t\t\t\t\t<div class=\"e-con-inner\">\n\t\t\t\t<div class=\"elementor-element elementor-element-c5f9fb4 elementor-widget elementor-widget-cs_title\" data-id=\"c5f9fb4\" data-element_type=\"widget\" data-e-type=\"widget\" data-widget_type=\"cs_title.default\">\n\t\t\t\t<div class=\"elementor-widget-container\">\n\t\t\t\t\t\n        <div class=\"cs-title-wrap text-center\">\t            <h3 class=\"cs-title\">\n\t                Qu\u00e8 fer a Calella\t            <\/h3>        <\/div>\t\t\t\t<\/div>\n\t\t\t\t<\/div>\n\t\t\t\t<div class=\"elementor-element elementor-element-2b39b78 elementor-posts__hover-none elementor-grid-3 elementor-grid-tablet-2 elementor-grid-mobile-1 elementor-posts--thumbnail-top elementor-widget elementor-widget-posts\" data-id=\"2b39b78\" data-element_type=\"widget\" data-e-type=\"widget\" data-settings=\"{&quot;cards_row_gap&quot;:{&quot;unit&quot;:&quot;px&quot;,&quot;size&quot;:&quot;&quot;,&quot;sizes&quot;:[]},&quot;cards_columns&quot;:&quot;3&quot;,&quot;cards_columns_tablet&quot;:&quot;2&quot;,&quot;cards_columns_mobile&quot;:&quot;1&quot;,&quot;cards_row_gap_tablet&quot;:{&quot;unit&quot;:&quot;px&quot;,&quot;size&quot;:&quot;&quot;,&quot;sizes&quot;:[]},&quot;cards_row_gap_mobile&quot;:{&quot;unit&quot;:&quot;px&quot;,&quot;size&quot;:&quot;&quot;,&quot;sizes&quot;:[]}}\" data-widget_type=\"posts.cards\">\n\t\t\t\t<div class=\"elementor-widget-container\">\n\t\t\t\t\t\t\t<div class=\"elementor-posts-container elementor-posts elementor-posts--skin-cards elementor-grid\" role=\"list\">\n\t\t\t\t<article class=\"elementor-post elementor-grid-item post-20546 post type-post status-publish format-standard has-post-thumbnail hentry category-alrededores-ca tag-activitats tag-cultura-ca tag-families tag-parelles tag-que-veure-al-maresme tag-que-visitar-a-prop-calella\" role=\"listitem\">\n\t\t\t<div class=\"elementor-post__card\">\n\t\t\t\t<a class=\"elementor-post__thumbnail__link\" href=\"https:\/\/hotelbernatcalella.com\/ca\/alrededores-ca\/pobles-encant-a-prop-calella\/\" tabindex=\"-1\" ><div class=\"elementor-post__thumbnail\"><img loading=\"lazy\" decoding=\"async\" width=\"550\" height=\"283\" src=\"https:\/\/hotelbernatcalella.com\/wp-content\/uploads\/2026\/04\/Pueblos-alrededores-Calella_Maresme-550x283.webp\" class=\"attachment-cozystay_550x9999 size-cozystay_550x9999 wp-image-20542\" alt=\"Pueblos a prop Calella_Maresme\" srcset=\"https:\/\/hotelbernatcalella.com\/wp-content\/uploads\/2026\/04\/Pueblos-alrededores-Calella_Maresme-550x283.webp 550w, https:\/\/hotelbernatcalella.com\/wp-content\/uploads\/2026\/04\/Pueblos-alrededores-Calella_Maresme-300x154.webp 300w, https:\/\/hotelbernatcalella.com\/wp-content\/uploads\/2026\/04\/Pueblos-alrededores-Calella_Maresme-1024x527.webp 1024w, https:\/\/hotelbernatcalella.com\/wp-content\/uploads\/2026\/04\/Pueblos-alrededores-Calella_Maresme-768x395.webp 768w, https:\/\/hotelbernatcalella.com\/wp-content\/uploads\/2026\/04\/Pueblos-alrededores-Calella_Maresme-1536x790.webp 1536w, https:\/\/hotelbernatcalella.com\/wp-content\/uploads\/2026\/04\/Pueblos-alrededores-Calella_Maresme-1920x988.webp 1920w, https:\/\/hotelbernatcalella.com\/wp-content\/uploads\/2026\/04\/Pueblos-alrededores-Calella_Maresme-1440x741.webp 1440w, https:\/\/hotelbernatcalella.com\/wp-content\/uploads\/2026\/04\/Pueblos-alrededores-Calella_Maresme-1200x617.webp 1200w, https:\/\/hotelbernatcalella.com\/wp-content\/uploads\/2026\/04\/Pueblos-alrededores-Calella_Maresme-780x401.webp 780w, https:\/\/hotelbernatcalella.com\/wp-content\/uploads\/2026\/04\/Pueblos-alrededores-Calella_Maresme-600x309.webp 600w, https:\/\/hotelbernatcalella.com\/wp-content\/uploads\/2026\/04\/Pueblos-alrededores-Calella_Maresme-370x190.webp 370w, https:\/\/hotelbernatcalella.com\/wp-content\/uploads\/2026\/04\/Pueblos-alrededores-Calella_Maresme-255x131.webp 255w, https:\/\/hotelbernatcalella.com\/wp-content\/uploads\/2026\/04\/Pueblos-alrededores-Calella_Maresme.webp 2000w\" sizes=\"(max-width: 550px) 100vw, 550px\" \/><\/div><\/a>\n\t\t\t\t<div class=\"elementor-post__badge\">Voltants<\/div>\n\t\t\t\t<div class=\"elementor-post__text\">\n\t\t\t\t<h3 class=\"elementor-post__title\">\n\t\t\t<a href=\"https:\/\/hotelbernatcalella.com\/ca\/alrededores-ca\/pobles-encant-a-prop-calella\/\" >\n\t\t\t\tPobles amb encant a prop Calella\t\t\t<\/a>\n\t\t<\/h3>\n\t\t\n\t\t<a class=\"elementor-post__read-more\" href=\"https:\/\/hotelbernatcalella.com\/ca\/alrededores-ca\/pobles-encant-a-prop-calella\/\" aria-label=\"Read more about Pobles amb encant a prop Calella\" tabindex=\"-1\" >\n\t\t\tLlegir m\u00e9s \u00bb\t\t<\/a>\n\n\t\t\t\t<\/div>\n\t\t\t\t\t<\/div>\n\t\t<\/article>\n\t\t\t\t<article class=\"elementor-post elementor-grid-item post-20385 post type-post status-publish format-standard has-post-thumbnail hentry category-noticias-ca tag-actividades-gratis-ca tag-cultura-ca tag-que-fer-a-calella-amb-nens\" role=\"listitem\">\n\t\t\t<div class=\"elementor-post__card\">\n\t\t\t\t<a class=\"elementor-post__thumbnail__link\" href=\"https:\/\/hotelbernatcalella.com\/ca\/noticias-ca\/diada-sant-jordi-calella\/\" tabindex=\"-1\" ><div class=\"elementor-post__thumbnail\"><img loading=\"lazy\" decoding=\"async\" width=\"550\" height=\"823\" src=\"https:\/\/hotelbernatcalella.com\/wp-content\/uploads\/2025\/03\/san-jordi-calella-550x823.webp\" class=\"attachment-cozystay_550x9999 size-cozystay_550x9999 wp-image-15131\" alt=\"sant jordi calella\" srcset=\"https:\/\/hotelbernatcalella.com\/wp-content\/uploads\/2025\/03\/san-jordi-calella-550x823.webp 550w, https:\/\/hotelbernatcalella.com\/wp-content\/uploads\/2025\/03\/san-jordi-calella-200x300.webp 200w, https:\/\/hotelbernatcalella.com\/wp-content\/uploads\/2025\/03\/san-jordi-calella-684x1024.webp 684w, https:\/\/hotelbernatcalella.com\/wp-content\/uploads\/2025\/03\/san-jordi-calella-768x1150.webp 768w, https:\/\/hotelbernatcalella.com\/wp-content\/uploads\/2025\/03\/san-jordi-calella-1026x1536.webp 1026w, https:\/\/hotelbernatcalella.com\/wp-content\/uploads\/2025\/03\/san-jordi-calella-1368x2048.webp 1368w, https:\/\/hotelbernatcalella.com\/wp-content\/uploads\/2025\/03\/san-jordi-calella-1440x2156.webp 1440w, https:\/\/hotelbernatcalella.com\/wp-content\/uploads\/2025\/03\/san-jordi-calella-1200x1796.webp 1200w, https:\/\/hotelbernatcalella.com\/wp-content\/uploads\/2025\/03\/san-jordi-calella-780x1168.webp 780w, https:\/\/hotelbernatcalella.com\/wp-content\/uploads\/2025\/03\/san-jordi-calella-600x898.webp 600w, https:\/\/hotelbernatcalella.com\/wp-content\/uploads\/2025\/03\/san-jordi-calella-370x554.webp 370w, https:\/\/hotelbernatcalella.com\/wp-content\/uploads\/2025\/03\/san-jordi-calella-255x382.webp 255w, https:\/\/hotelbernatcalella.com\/wp-content\/uploads\/2025\/03\/san-jordi-calella.webp 1710w\" sizes=\"(max-width: 550px) 100vw, 550px\" \/><\/div><\/a>\n\t\t\t\t<div class=\"elementor-post__badge\">Not\u00edcies<\/div>\n\t\t\t\t<div class=\"elementor-post__text\">\n\t\t\t\t<h3 class=\"elementor-post__title\">\n\t\t\t<a href=\"https:\/\/hotelbernatcalella.com\/ca\/noticias-ca\/diada-sant-jordi-calella\/\" >\n\t\t\t\tDiada de Sant Jordi a Calella 2026\t\t\t<\/a>\n\t\t<\/h3>\n\t\t\n\t\t<a class=\"elementor-post__read-more\" href=\"https:\/\/hotelbernatcalella.com\/ca\/noticias-ca\/diada-sant-jordi-calella\/\" aria-label=\"Read more about Diada de Sant Jordi a Calella 2026\" tabindex=\"-1\" >\n\t\t\tLlegir m\u00e9s \u00bb\t\t<\/a>\n\n\t\t\t\t<\/div>\n\t\t\t\t\t<\/div>\n\t\t<\/article>\n\t\t\t\t<article class=\"elementor-post elementor-grid-item post-20329 post type-post status-publish format-standard has-post-thumbnail hentry category-agenda-ca tag-actividades-gratis-ca tag-activitats tag-agenda-mensual-ca tag-parelles tag-que-visitar-a-calella\" role=\"listitem\">\n\t\t\t<div class=\"elementor-post__card\">\n\t\t\t\t<a class=\"elementor-post__thumbnail__link\" href=\"https:\/\/hotelbernatcalella.com\/ca\/agenda-ca\/agenda-mensual-abril\/\" tabindex=\"-1\" ><div class=\"elementor-post__thumbnail\"><img loading=\"lazy\" decoding=\"async\" width=\"550\" height=\"550\" src=\"https:\/\/hotelbernatcalella.com\/wp-content\/uploads\/2025\/03\/torretas-calella-barcelona-550x550.webp\" class=\"attachment-cozystay_550x9999 size-cozystay_550x9999 wp-image-15295\" alt=\"torretas-calella-barcelona\" srcset=\"https:\/\/hotelbernatcalella.com\/wp-content\/uploads\/2025\/03\/torretas-calella-barcelona-550x550.webp 550w, https:\/\/hotelbernatcalella.com\/wp-content\/uploads\/2025\/03\/torretas-calella-barcelona-300x300.webp 300w, https:\/\/hotelbernatcalella.com\/wp-content\/uploads\/2025\/03\/torretas-calella-barcelona-1024x1024.webp 1024w, https:\/\/hotelbernatcalella.com\/wp-content\/uploads\/2025\/03\/torretas-calella-barcelona-150x150.webp 150w, https:\/\/hotelbernatcalella.com\/wp-content\/uploads\/2025\/03\/torretas-calella-barcelona-768x768.webp 768w, https:\/\/hotelbernatcalella.com\/wp-content\/uploads\/2025\/03\/torretas-calella-barcelona-780x780.webp 780w, https:\/\/hotelbernatcalella.com\/wp-content\/uploads\/2025\/03\/torretas-calella-barcelona-600x600.webp 600w, https:\/\/hotelbernatcalella.com\/wp-content\/uploads\/2025\/03\/torretas-calella-barcelona-370x370.webp 370w, https:\/\/hotelbernatcalella.com\/wp-content\/uploads\/2025\/03\/torretas-calella-barcelona-255x255.webp 255w, https:\/\/hotelbernatcalella.com\/wp-content\/uploads\/2025\/03\/torretas-calella-barcelona.webp 1080w\" sizes=\"(max-width: 550px) 100vw, 550px\" \/><\/div><\/a>\n\t\t\t\t<div class=\"elementor-post__badge\">Agenda Mensual<\/div>\n\t\t\t\t<div class=\"elementor-post__text\">\n\t\t\t\t<h3 class=\"elementor-post__title\">\n\t\t\t<a href=\"https:\/\/hotelbernatcalella.com\/ca\/agenda-ca\/agenda-mensual-abril\/\" >\n\t\t\t\tAbril 2026\t\t\t<\/a>\n\t\t<\/h3>\n\t\t\n\t\t<a class=\"elementor-post__read-more\" href=\"https:\/\/hotelbernatcalella.com\/ca\/agenda-ca\/agenda-mensual-abril\/\" aria-label=\"Read more about Abril 2026\" tabindex=\"-1\" >\n\t\t\tLlegir m\u00e9s \u00bb\t\t<\/a>\n\n\t\t\t\t<\/div>\n\t\t\t\t\t<\/div>\n\t\t<\/article>\n\t\t\t\t<\/div>\n\t\t\n\t\t\t\t\t\t<\/div>\n\t\t\t\t<\/div>\n\t\t\t\t\t<\/div>\n\t\t\t\t<\/div>\n\t\t<div class=\"elementor-element elementor-element-736a86b4 cs-section-content-fullwidth elementor-align-center e-flex e-con-boxed e-con e-parent\" data-id=\"736a86b4\" data-element_type=\"container\" data-e-type=\"container\">\n\t\t\t\t\t<div class=\"e-con-inner\">\n\t\t\t\t<div class=\"elementor-element elementor-element-b4265d8 elementor-widget elementor-widget-cs_title\" data-id=\"b4265d8\" data-element_type=\"widget\" data-e-type=\"widget\" data-widget_type=\"cs_title.default\">\n\t\t\t\t<div class=\"elementor-widget-container\">\n\t\t\t\t\t\n        <div class=\"cs-title-wrap text-center\">\t            <h4 class=\"cs-title\">\n\t                #hotelbernatcalella\t            <\/h4>        <\/div>\t\t\t\t<\/div>\n\t\t\t\t<\/div>\n\t\t\t\t<div class=\"elementor-element elementor-element-f2d38ae elementor-widget__width-inherit elementor-widget elementor-widget-cs_instagram\" data-id=\"f2d38ae\" data-element_type=\"widget\" data-e-type=\"widget\" data-widget_type=\"cs_instagram.default\">\n\t\t\t\t<div class=\"elementor-widget-container\">\n\t\t\t\t\t\n        <div class=\"cs-instagram column-mosaic mosaic-2\">\t                <ul>\t                        <li><div class=\"feed-bg\" style=\"background-image:url(https:\/\/hotelbernatcalella.com\/wp-content\/uploads\/2025\/06\/hotel-spa-calella-1200x660.webp);\"><\/div><\/li>\t                        <li><div class=\"feed-bg\" style=\"background-image:url(https:\/\/hotelbernatcalella.com\/wp-content\/uploads\/2025\/06\/hotel-bernat-logo-1.webp);\"><\/div><\/li>\t                        <li><div class=\"feed-bg\" style=\"background-image:url(https:\/\/hotelbernatcalella.com\/wp-content\/uploads\/2025\/06\/hall-hotel-bernat-1200x800.webp);\"><\/div><\/li>\t                        <li><div class=\"feed-bg\" style=\"background-image:url(https:\/\/hotelbernatcalella.com\/wp-content\/uploads\/2025\/06\/hotel-bernat-restaurante-2-1200x800.webp);\"><\/div><\/li>\t                        <li><div class=\"feed-bg\" style=\"background-image:url(https:\/\/hotelbernatcalella.com\/wp-content\/uploads\/2025\/06\/bahari-club-1200x767.webp);\"><\/div><\/li>\t                        <li><div class=\"feed-bg\" style=\"background-image:url(https:\/\/hotelbernatcalella.com\/wp-content\/uploads\/2025\/06\/recepcion-1200x800.webp);\"><\/div><\/li>\t                        <li><div class=\"feed-bg\" style=\"background-image:url(https:\/\/hotelbernatcalella.com\/wp-content\/uploads\/2025\/06\/hotel-piscina-calella.webp);\"><\/div><\/li>\t                <\/ul>        <\/div>\t\t\t\t<\/div>\n\t\t\t\t<\/div>\n\t\t\t\t\t<\/div>\n\t\t\t\t<\/div>\n\t\t<div class=\"elementor-element elementor-element-62074ad0 e-con-full e-flex e-con e-parent\" data-id=\"62074ad0\" data-element_type=\"container\" data-e-type=\"container\">\n\t\t\t\t<div class=\"elementor-element elementor-element-adbaf54 elementor-widget elementor-widget-image\" data-id=\"adbaf54\" data-element_type=\"widget\" data-e-type=\"widget\" data-widget_type=\"image.default\">\n\t\t\t\t\t\t\t\t\t\t\t\t\t\t\t<img decoding=\"async\" src=\"https:\/\/www.hotelbernatcalella.com\/wp-content\/uploads\/2025\/06\/accio-generalitat.webp\" title=\"\" alt=\"accio generalitat\" loading=\"lazy\" \/>\t\t\t\t\t\t\t\t\t\t\t\t\t\t\t<\/div>\n\t\t\t\t<div class=\"elementor-element elementor-element-2a0ef6c2 elementor-widget elementor-widget-text-editor\" data-id=\"2a0ef6c2\" data-element_type=\"widget\" data-e-type=\"widget\" data-widget_type=\"text-editor.default\">\n\t\t\t\t\t\t\t\t\t<p style=\"text-align: center;\">L\u2019empresa Valom, S.L. ha desenvolupat el servei: \u00abIniciativa 1: Plataforma digital per a la vertebraci\u00f3 de la comunitat al voltant d\u2019espais reservables\u00bb que ha estat subvencionat amb el suport d\u2019ACCI\u00d3 en el marc del programa Cupons de Competitivitat.<\/p><p style=\"text-align: center;\">Aquests treballs permetran l\u2019acc\u00e9s a un panell de control que integri dades disponibles dels sistemes de gesti\u00f3 de l\u2019allotjament relacionades amb el comportament dels clients, i aix\u00ed disposar d\u2019informaci\u00f3 valuosa de les solucions digitals de gesti\u00f3 de l\u2019allotjament Bernat-II, integrada amb altres sistemes. Amb aquesta informaci\u00f3, els gestors dels allotjaments podran millorar la presa de decisions gr\u00e0cies a l\u2019\u00fas de les dades. <\/p>\t\t\t\t\t\t\t\t<\/div>\n\t\t\t\t<div class=\"elementor-element elementor-element-7988482 elementor-widget elementor-widget-image\" data-id=\"7988482\" data-element_type=\"widget\" data-e-type=\"widget\" data-widget_type=\"image.default\">\n\t\t\t\t\t\t\t\t\t\t\t\t\t\t\t<img decoding=\"async\" src=\"https:\/\/www.hotelbernatcalella.com\/wp-content\/uploads\/2025\/06\/footer-bernat.webp\" title=\"\" alt=\"footer bernat\" loading=\"lazy\" \/>\t\t\t\t\t\t\t\t\t\t\t\t\t\t\t<\/div>\n\t\t\t\t<div class=\"elementor-element elementor-element-5cebc12 elementor-widget elementor-widget-text-editor\" data-id=\"5cebc12\" data-element_type=\"widget\" data-e-type=\"widget\" data-widget_type=\"text-editor.default\">\n\t\t\t\t\t\t\t\t\t<p style=\"text-align: center;\">VALOM SL ha estat benefici\u00e0ria de Fons Europeus, que t\u00e9 com a objectiu la millora de la competitivitat de les pimes, i gr\u00e0cies als quals ha engegat un Pla d&#8217;Acci\u00f3 amb l&#8217;objectiu de refor\u00e7ar la digitalitzaci\u00f3 i la competitivitat de les pimes durant l&#8217;any 2024. Per aix\u00f2, ha comptat amb el suport del Programa Pime Digital de la Cambra de Comer\u00e7 de Barcelona.  #EuropaSeSiente<\/p>\t\t\t\t\t\t\t\t<\/div>\n\t\t\t\t<div class=\"elementor-element elementor-element-d1cd4b2 elementor-widget elementor-widget-image\" data-id=\"d1cd4b2\" data-element_type=\"widget\" data-e-type=\"widget\" data-widget_type=\"image.default\">\n\t\t\t\t\t\t\t\t\t\t\t\t\t\t\t<img decoding=\"async\" src=\"https:\/\/www.hotelbernatcalella.com\/wp-content\/uploads\/2025\/06\/logos-pyme-digital.webp\" title=\"\" alt=\"logos pyme digital\" loading=\"lazy\" \/>\t\t\t\t\t\t\t\t\t\t\t\t\t\t\t<\/div>\n\t\t\t\t<div class=\"elementor-element elementor-element-f1efefc elementor-widget elementor-widget-image\" data-id=\"f1efefc\" data-element_type=\"widget\" data-e-type=\"widget\" data-widget_type=\"image.default\">\n\t\t\t\t\t\t\t\t\t\t\t\t\t\t\t<img decoding=\"async\" src=\"https:\/\/www.hotelbernatcalella.com\/wp-content\/uploads\/2025\/06\/logos-ultima-milla.webp\" title=\"\" alt=\"logos-ultima-milla\" loading=\"lazy\" \/>\t\t\t\t\t\t\t\t\t\t\t\t\t\t\t<\/div>\n\t\t\t\t<\/div>\n\t\t\t\t<\/div>\n\t\t","protected":false},"excerpt":{"rendered":"<p>Hotel a Calella HOTEL A CALELLA Hotel Bernat II L&#8217;Hotel Bernat II \u00e9s el lloc que est\u00e0s buscant per gaudir de les teves vacances a &#8230;<\/p>\n","protected":false},"author":1,"featured_media":0,"parent":0,"menu_order":0,"comment_status":"closed","ping_status":"closed","template":"elementor_header_footer","meta":{"cozystay_single_page_hide_site_header":"","cozystay_single_page_site_header_source":"","cozystay_single_page_custom_site_header":"0","cozystay_single_page_custom_sticky_site_header":"0","cozystay_single_page_hide_page_title":"","cozystay_single_page_header_section_size":"","cozystay_single_page_header_background_color":"","cozystay_single_page_header_background_position_x":"center","cozystay_single_page_header_background_position_y":"center","cozystay_single_page_header_background_size":"cover","cozystay_single_page_header_background_repeat":"off","cozystay_single_page_header_background_scroll":"on","cozystay_single_page_header_text_color":"","cozystay_single_page_header_show_breadcrumb":"","cozystay_single_page_site_footer_hide_main":"","cozystay_single_custom_site_footer_main_source":"","cozystay_single_custom_site_footer_main":"0","cozystay_single_page_site_footer_hide_above":"","cozystay_single_custom_site_footer_above_source":"","cozystay_single_custom_site_footer_above":"0","cozystay_single_page_site_footer_hide_instagram":"","cozystay_single_page_site_footer_hide_bottom":"","cozystay_single_custom_mobile_menu_source":"","cozystay_single_custom_mobile_menu":"0","cozystay_single_custom_mobile_menu_animation":"","cozystay_single_custom_mobile_menu_width":"","cozystay_single_custom_mobile_menu_custom_width":375,"footnotes":""},"class_list":["post-8171","page","type-page","status-publish","hentry"],"yoast_head":"<!-- This site is optimized with the Yoast SEO plugin v27.1.1 - https:\/\/yoast.com\/product\/yoast-seo-wordpress\/ -->\n<title>Hotel a Calella - Hotel Bernat II - Millor Preu Garantit<\/title>\n<meta name=\"description\" content=\"Hotel a Calella de 4 estrelles superior pensat per a les vacances familiars situat a 200m de la platja, amb piscina i spa.\" \/>\n<meta name=\"robots\" content=\"index, follow, max-snippet:-1, max-image-preview:large, max-video-preview:-1\" \/>\n<link rel=\"canonical\" href=\"https:\/\/hotelbernatcalella.com\/ca\/\" \/>\n<meta property=\"og:locale\" content=\"ca_ES\" \/>\n<meta property=\"og:type\" content=\"article\" \/>\n<meta property=\"og:title\" content=\"Hotel a Calella - Hotel Bernat II - Millor Preu Garantit\" \/>\n<meta property=\"og:description\" content=\"Hotel a Calella de 4 estrelles superior pensat per a les vacances familiars situat a 200m de la platja, amb piscina i spa.\" \/>\n<meta property=\"og:url\" content=\"https:\/\/hotelbernatcalella.com\/ca\/\" \/>\n<meta property=\"og:site_name\" content=\"Hotel Bernat II\" \/>\n<meta property=\"article:modified_time\" content=\"2026-03-31T15:52:40+00:00\" \/>\n<meta property=\"og:image\" content=\"https:\/\/www.hotelbernatcalella.com\/wp-content\/uploads\/2025\/08\/P1056960-600x800.webp\" \/>\n<meta name=\"twitter:card\" content=\"summary_large_image\" \/>\n<meta name=\"twitter:label1\" content=\"Temps estimat de lectura\" \/>\n\t<meta name=\"twitter:data1\" content=\"6 minuts\" \/>\n<script type=\"application\/ld+json\" class=\"yoast-schema-graph\">{\"@context\":\"https:\/\/schema.org\",\"@graph\":[{\"@type\":\"WebPage\",\"@id\":\"https:\/\/hotelbernatcalella.com\/ca\/\",\"url\":\"https:\/\/hotelbernatcalella.com\/ca\/\",\"name\":\"Hotel a Calella - Hotel Bernat II - Millor Preu Garantit\",\"isPartOf\":{\"@id\":\"https:\/\/hotelbernatcalella.com\/ca\/#website\"},\"primaryImageOfPage\":{\"@id\":\"https:\/\/hotelbernatcalella.com\/ca\/#primaryimage\"},\"image\":{\"@id\":\"https:\/\/hotelbernatcalella.com\/ca\/#primaryimage\"},\"thumbnailUrl\":\"https:\/\/www.hotelbernatcalella.com\/wp-content\/uploads\/2025\/08\/P1056960-600x800.webp\",\"datePublished\":\"2024-11-13T12:38:21+00:00\",\"dateModified\":\"2026-03-31T15:52:40+00:00\",\"description\":\"Hotel a Calella de 4 estrelles superior pensat per a les vacances familiars situat a 200m de la platja, amb piscina i spa.\",\"breadcrumb\":{\"@id\":\"https:\/\/hotelbernatcalella.com\/ca\/#breadcrumb\"},\"inLanguage\":\"ca\",\"potentialAction\":[{\"@type\":\"ReadAction\",\"target\":[\"https:\/\/hotelbernatcalella.com\/ca\/\"]}]},{\"@type\":\"ImageObject\",\"inLanguage\":\"ca\",\"@id\":\"https:\/\/hotelbernatcalella.com\/ca\/#primaryimage\",\"url\":\"https:\/\/www.hotelbernatcalella.com\/wp-content\/uploads\/2025\/08\/P1056960-600x800.webp\",\"contentUrl\":\"https:\/\/www.hotelbernatcalella.com\/wp-content\/uploads\/2025\/08\/P1056960-600x800.webp\"},{\"@type\":\"BreadcrumbList\",\"@id\":\"https:\/\/hotelbernatcalella.com\/ca\/#breadcrumb\",\"itemListElement\":[{\"@type\":\"ListItem\",\"position\":1,\"name\":\"Portada\",\"item\":\"https:\/\/hotelbernatcalella.com\/ca\/\"},{\"@type\":\"ListItem\",\"position\":2,\"name\":\"Home\"}]},{\"@type\":\"WebSite\",\"@id\":\"https:\/\/hotelbernatcalella.com\/ca\/#website\",\"url\":\"https:\/\/hotelbernatcalella.com\/ca\/\",\"name\":\"Hotel Bernat II & Spa Calella\",\"description\":\"Hotel en Calella\",\"alternateName\":\"Hotel Bernat II & Spa\",\"potentialAction\":[{\"@type\":\"SearchAction\",\"target\":{\"@type\":\"EntryPoint\",\"urlTemplate\":\"https:\/\/hotelbernatcalella.com\/ca\/?s={search_term_string}\"},\"query-input\":{\"@type\":\"PropertyValueSpecification\",\"valueRequired\":true,\"valueName\":\"search_term_string\"}}],\"inLanguage\":\"ca\"}]}<\/script>\n<!-- \/ Yoast SEO plugin. -->","yoast_head_json":{"title":"Hotel a Calella - Hotel Bernat II - Millor Preu Garantit","description":"Hotel a Calella de 4 estrelles superior pensat per a les vacances familiars situat a 200m de la platja, amb piscina i spa.","robots":{"index":"index","follow":"follow","max-snippet":"max-snippet:-1","max-image-preview":"max-image-preview:large","max-video-preview":"max-video-preview:-1"},"canonical":"https:\/\/hotelbernatcalella.com\/ca\/","og_locale":"ca_ES","og_type":"article","og_title":"Hotel a Calella - Hotel Bernat II - Millor Preu Garantit","og_description":"Hotel a Calella de 4 estrelles superior pensat per a les vacances familiars situat a 200m de la platja, amb piscina i spa.","og_url":"https:\/\/hotelbernatcalella.com\/ca\/","og_site_name":"Hotel Bernat II","article_modified_time":"2026-03-31T15:52:40+00:00","og_image":[{"url":"https:\/\/www.hotelbernatcalella.com\/wp-content\/uploads\/2025\/08\/P1056960-600x800.webp","type":"","width":"","height":""}],"twitter_card":"summary_large_image","twitter_misc":{"Temps estimat de lectura":"6 minuts"},"schema":{"@context":"https:\/\/schema.org","@graph":[{"@type":"WebPage","@id":"https:\/\/hotelbernatcalella.com\/ca\/","url":"https:\/\/hotelbernatcalella.com\/ca\/","name":"Hotel a Calella - Hotel Bernat II - Millor Preu Garantit","isPartOf":{"@id":"https:\/\/hotelbernatcalella.com\/ca\/#website"},"primaryImageOfPage":{"@id":"https:\/\/hotelbernatcalella.com\/ca\/#primaryimage"},"image":{"@id":"https:\/\/hotelbernatcalella.com\/ca\/#primaryimage"},"thumbnailUrl":"https:\/\/www.hotelbernatcalella.com\/wp-content\/uploads\/2025\/08\/P1056960-600x800.webp","datePublished":"2024-11-13T12:38:21+00:00","dateModified":"2026-03-31T15:52:40+00:00","description":"Hotel a Calella de 4 estrelles superior pensat per a les vacances familiars situat a 200m de la platja, amb piscina i spa.","breadcrumb":{"@id":"https:\/\/hotelbernatcalella.com\/ca\/#breadcrumb"},"inLanguage":"ca","potentialAction":[{"@type":"ReadAction","target":["https:\/\/hotelbernatcalella.com\/ca\/"]}]},{"@type":"ImageObject","inLanguage":"ca","@id":"https:\/\/hotelbernatcalella.com\/ca\/#primaryimage","url":"https:\/\/www.hotelbernatcalella.com\/wp-content\/uploads\/2025\/08\/P1056960-600x800.webp","contentUrl":"https:\/\/www.hotelbernatcalella.com\/wp-content\/uploads\/2025\/08\/P1056960-600x800.webp"},{"@type":"BreadcrumbList","@id":"https:\/\/hotelbernatcalella.com\/ca\/#breadcrumb","itemListElement":[{"@type":"ListItem","position":1,"name":"Portada","item":"https:\/\/hotelbernatcalella.com\/ca\/"},{"@type":"ListItem","position":2,"name":"Home"}]},{"@type":"WebSite","@id":"https:\/\/hotelbernatcalella.com\/ca\/#website","url":"https:\/\/hotelbernatcalella.com\/ca\/","name":"Hotel Bernat II & Spa Calella","description":"Hotel en Calella","alternateName":"Hotel Bernat II & Spa","potentialAction":[{"@type":"SearchAction","target":{"@type":"EntryPoint","urlTemplate":"https:\/\/hotelbernatcalella.com\/ca\/?s={search_term_string}"},"query-input":{"@type":"PropertyValueSpecification","valueRequired":true,"valueName":"search_term_string"}}],"inLanguage":"ca"}]}},"_links":{"self":[{"href":"https:\/\/hotelbernatcalella.com\/ca\/wp-json\/wp\/v2\/pages\/8171","targetHints":{"allow":["GET"]}}],"collection":[{"href":"https:\/\/hotelbernatcalella.com\/ca\/wp-json\/wp\/v2\/pages"}],"about":[{"href":"https:\/\/hotelbernatcalella.com\/ca\/wp-json\/wp\/v2\/types\/page"}],"author":[{"embeddable":true,"href":"https:\/\/hotelbernatcalella.com\/ca\/wp-json\/wp\/v2\/users\/1"}],"replies":[{"embeddable":true,"href":"https:\/\/hotelbernatcalella.com\/ca\/wp-json\/wp\/v2\/comments?post=8171"}],"version-history":[{"count":6,"href":"https:\/\/hotelbernatcalella.com\/ca\/wp-json\/wp\/v2\/pages\/8171\/revisions"}],"predecessor-version":[{"id":20249,"href":"https:\/\/hotelbernatcalella.com\/ca\/wp-json\/wp\/v2\/pages\/8171\/revisions\/20249"}],"wp:attachment":[{"href":"https:\/\/hotelbernatcalella.com\/ca\/wp-json\/wp\/v2\/media?parent=8171"}],"curies":[{"name":"wp","href":"https:\/\/api.w.org\/{rel}","templated":true}]}}